{"id":135,"date":"2023-07-20T11:57:00","date_gmt":"2023-07-20T15:57:00","guid":{"rendered":"https:\/\/montreal2024.reiactis.net\/?page_id=135"},"modified":"2024-04-25T15:26:06","modified_gmt":"2024-04-25T19:26:06","slug":"convocatoria-a-contribuciones","status":"publish","type":"page","link":"https:\/\/montreal2024.reiactis.net\/es\/convocatoria-a-contribuciones\/","title":{"rendered":"Convocatoria a contribuciones"},"content":{"rendered":"\n<h2 class=\"wp-block-heading\">Envejecer en pluralidad&nbsp;<\/h2>\n\n\n\n<p>Vivir y envejecer en 2023 significa vivir y envejecer en un mundo complejo e interconectado en donde el lugar que ocupan las personas mayores constituye un reto social, territorial e individual. La pandemia de COVID-19 ilustr\u00f3 hasta qu\u00e9 punto, a pesar de la l\u00f3gica de interconexi\u00f3n global y multiescalar, el mundo contempor\u00e1neo segu\u00eda marcado por profusas divisiones, fracturas y tensiones en su enfoque del envejecimiento y el respeto de los derechos de las personas mayores.<\/p>\n\n\n\n<p>Sin embargo, en 2019, la Organizaci\u00f3n de las Naciones Unidas (ONU) afirm\u00f3 en sus Perspectivas de la Poblaci\u00f3n Mundial 2019 que el envejecimiento de la poblaci\u00f3n representa una de las principales transformaciones de las sociedades del siglo XXI, junto con el cambio clim\u00e1tico, por lo que es una prioridad pol\u00edtica. Frente a estos retos, las humanidades y las ciencias sociales no dejan de enfatizar la diversidad en el envejecimiento y en su enfoque. En un mundo de escalas m\u00faltiples, contextos y entornos variados y variables, vivir y envejecer en pluralidad remite a trayectorias vitales diversas y a espacios y lugares de vida cambiantes, ya sean sociales, como la familia y el &#8220;hogar&#8221;, o f\u00edsicos, como la materialidad de la vivienda, las colonias y las ciudades. Por lo tanto, es importante prestar mucha atenci\u00f3n a los mecanismos y marcos de las pol\u00edticas p\u00fablicas municipales, regionales, nacionales e internacionales.<\/p>\n\n\n\n<p>Por un lado, hay que explorar la pluralidad de experiencias y trayectorias del envejecimiento (Lord, Pich\u00e9, 2018). La investigaci\u00f3n sobre el envejecimiento examina cada vez m\u00e1s las cuestiones relacionadas con la diversidad y la calidad de las experiencias vitales, la satisfacci\u00f3n y el bienestar. Se analizan no s\u00f3lo las interrelaciones entre los principales determinantes de la salud, sino tambi\u00e9n las diferentes condiciones de vida materiales, sociales y culturales. La presencia de diversas desigualdades o inequidades en el centro de estas cuestiones debe examinarse tomando en cuenta las trayectorias individuales y colectivas observadas.<\/p>\n\n\n\n<h3 class=\"wp-block-heading\">En este contexto, considerar la pluralidad de las trayectorias del envejecimiento implica una relectura de las cuestiones de reconocimiento de las personas mayores, as\u00ed como la disposici\u00f3n de las circunstancias y los tiempos colectivos y personales en relaci\u00f3n con los v\u00ednculos sociales y el poder de acci\u00f3n.<\/h3>\n\n\n\n<p>Esto requiere una exploraci\u00f3n cr\u00edtica de los efectos, sobre los individuos y los recursos, de las pol\u00edticas p\u00fablicas enfocadas en el envejecimiento de la poblaci\u00f3n, siguiendo el ejemplo de las &#8220;Ciudades y Comunidades Amigables con las Personas Mayores&#8221; (Buffel et al., 2018; Moulaert, Garon, 2016) o apoyando la b\u00fasqueda de una &#8220;sociedad inclusiva&#8221; (Ngatcha-Ribert et al., 2022). Se prestar\u00e1 especial atenci\u00f3n al poder de acci\u00f3n individual y colectivo de las personas jubiladas y mayores en toda su diversidad, en consonancia con las numerosas reflexiones emprendidas por REIACTIS desde 2007, ya sea en t\u00e9rminos de acci\u00f3n colectiva (Viriot-Durandal, 2012; Viriot Durandal et al, 2015), a escalas meso y microsociol\u00f3gicas (Buffel et al., 2018; Ngatcha-Ribert et al., 2022), o en un arraigo territorial espec\u00edfico (Scheider et al., 2017; Moulaert et al., 2018).<\/p>\n\n\n\n<p>Por otra parte, la conferencia contribuir\u00e1 a la reflexi\u00f3n sobre la diversidad de entornos y territorios ante el envejecimiento. Para ciertas investigaciones en humanidades y ciencias sociales, la liberalizaci\u00f3n de los bienes y servicios, el debilitamiento del poder del Estado para regular a los actores en los \u00e1mbitos del envejecimiento y la salud, y m\u00e1s ampliamente el desarrollo del consumismo, deber\u00edan llevar a las comunidades de investigaci\u00f3n, los ciudadanos y los responsables p\u00fablicos a replantearse la cuesti\u00f3n de los lugares comunes, as\u00ed como al margen de intervenci\u00f3n del sector p\u00fablico o de los grupos aut\u00f3nomos en la estructuraci\u00f3n de las respuestas a la diversidad de necesidades a medida que las personas envejecen. La traducci\u00f3n de estas din\u00e1micas (Davis, 2013; Hall, 2017) debiera producir efectos directos de optimizaci\u00f3n del tiempo y maximizaci\u00f3n de las ganancias en las estructuras de gobernanza en los sectores privado y p\u00fablico, as\u00ed como en los territorios (Chouraqui, 2020).<\/p>\n\n\n\n<p>Ya sea que la pluralidad se refiera a las trayectorias individuales y colectivas, o a las de los territorios, la influencia de las pol\u00edticas p\u00fablicas a estos niveles tambi\u00e9n merece ser tomada en cuenta. El 7\u00ba Coloquio Internacional nos invita a cuestionar los marcos de las pol\u00edticas p\u00fablicas y, en particular, los efectos de la nueva gesti\u00f3n p\u00fablica (por ejemplo, proyectos &#8220;a la carta&#8221;, &#8220;presupuestos renovables&#8221;, &#8220;competencia&#8221; entre diferentes sectores y actores) sobre el respeto de la pluralidad de necesidades y expectativas de las personas mayores en \u00e1mbitos tan variados como la vivienda, los servicios sociales, la salud o la inclusi\u00f3n social, econ\u00f3mica y c\u00edvica. Por \u00faltimo, la pluralidad de nuestros mundos no se refleja exclusivamente en las trayectorias relacionadas con la edad o en t\u00e9rminos de entornos y territorios; vivimos hoy en un conjunto de temporalidades que se entrecruzan constantemente para formar un mundo que se acelera (Rosa, 2010).<\/p>\n\n\n\n<h3 class=\"wp-block-heading\">Dados estos contextos y trayectorias plurales del envejecimiento, enmarcados en ritmos de vida acelerados y en parte inciertos, \u00bfimplican \u00e9stos mayores riesgos potenciales de desigualdad en la vejez?<\/h3>\n\n\n\n<p>\u201cEnvejecer en pluralidad\u201d significa avanzar en edad en un mundo m\u00e1s incierto, con ritmos m\u00faltiples y bajo el signo de un principio de aceleraci\u00f3n del tiempo; significa vivir en entornos y territorios que var\u00edan y son variables en funci\u00f3n de una gran diversidad de factores y escalas; significa experimentar una diversidad de formas y trayectorias individuales de envejecimiento. Frente a esta triple pluralidad del envejecimiento, el 7\u00ba Coloquio Internacional de R\u00c9IACTIS invita a los investigadores de humanidades y ciencias sociales a presentar sus trabajos sobre estos temas y a debatir sobre c\u00f3mo sus metodolog\u00edas se ven afectadas por dichos cambios. Para continuar con el di\u00e1logo y los intercambios que han impulsado el trabajo de R\u00c9IACTIS durante m\u00e1s de 17 a\u00f1os sobre la relaci\u00f3n entre el conocimiento acad\u00e9mico y el conocimiento experiencial, R\u00c9IACTIS invita tambi\u00e9n a responsables pol\u00edticos, profesionales de la intervenci\u00f3n y ciudadanos a debatir sobre estas formas plurales de envejecimiento.&nbsp;<\/p>\n\n\n\n<p>Para abordar y considerar la pluralidad del envejecimiento, se proponen un tema transversal y tres entradas tem\u00e1ticas.&nbsp;<strong>Las ponencias y talleres tendr\u00e1n que articularse en una de estas 4 opciones. Podr\u00e1n presentarse un m\u00e1ximo de 3 ponencias como primer autor.<\/strong><\/p>\n\n\n\n<ul class=\"wp-block-list\">\n<li><a href=\"#tema-transversal\">Tema transversal: Transigir con el tiempo y el cambio.<\/a><\/li>\n\n\n\n<li><a href=\"#tema1\">Tema 1: Situarse entre la continuidad, la bifurcaci\u00f3n y la reversibilidad.<\/a><\/li>\n\n\n\n<li><a href=\"http:\/\/tema2\">Tema 2: Participar en los cambios del entorno vital.<\/a><\/li>\n\n\n\n<li><a href=\"http:\/\/tema3\">Tema 3: Implicar a las partes interesadas en las transformaciones sociales y espaciales.<\/a><\/li>\n<\/ul>\n\n\n\n<h2 class=\"wp-block-heading\" id=\"tema-transversal\">Tema transversal: Transigir con el tiempo y el cambio<\/h2>\n\n\n\n<p>En las \u00faltimas d\u00e9cadas, la investigaci\u00f3n sobre la edad avanzada se ha centrado en las caracter\u00edsticas del envejecimiento, los efectos de los contextos y los entornos de vida, y los mandatos que lo rigen, ya sea que se describa como &#8220;exitoso&#8221;, &#8220;saludable&#8221;, &#8220;productivo&#8221; o &#8220;activo&#8221; (Moulaert, Viriot-Durandal, 2013). Sin embargo, la literatura cient\u00edfica tiende a destacar formas plurales, incluso h\u00edbridas, de envejecimiento. Esta diversidad de contextos va mucho m\u00e1s all\u00e1 de la mera consideraci\u00f3n de determinadas caracter\u00edsticas socioecon\u00f3micas o territoriales, y exige enfoques, concepciones e intervenciones igualmente plurales. Es cierto que las pol\u00edticas y los programas, as\u00ed como otras medidas p\u00fablicas, voluntarias o privadas, pueden proponer visiones o concepciones amplias del envejecimiento. Sin embargo, tambi\u00e9n pueden basarse en una consideraci\u00f3n gen\u00e9rica de la &#8220;persona mayor&#8221;.<\/p>\n\n\n\n<p>De este modo, nos parece pertinente cuestionar tanto los significados como la dif\u00edcil operacionalizaci\u00f3n de la sociedad o de la ciudad &#8220;para todos&#8221;. \u00bfQu\u00e9 ocurre con las trayectorias de envejecimiento que se apartan de un modelo lineal de envejecer, o de una forma de envejecer normalizada o favorecida por diferentes fuerzas?<\/p>\n\n\n\n<p>El enfoque de las trayectorias permite abordar la cuesti\u00f3n desde diversos \u00e1ngulos, disciplinas y escalas (individual, social, territorial o societal). Las trayectorias implican diversas formas de movilidad, ya sea cotidiana, residencial o social, e implican cambios psicosociales y f\u00edsicos en la experiencia de envejecer. Mientras que, por un lado, las personas mayores est\u00e1n capacitadas para afrontar estos cambios, por otro, estos mismos cambios pueden plantear riesgos de exclusi\u00f3n, aislamiento social y dependencia si no se dominan o s\u00f3lo se dominan parcialmente. El concepto de desvinculaci\u00f3n, por ejemplo, puede ayudarnos a comprender mejor estas fases del avance de la edad examinando la vida de las personas mayores a trav\u00e9s de diferentes bifurcaciones o transiciones (Cl\u00e9ment, Montovani, 1999; Cl\u00e9ment et al., 2018; Caradec, 2001, 2004; Meidani, Cavalli 2019).<\/p>\n\n\n\n<p>La investigaci\u00f3n ha sido prol\u00edfica a la hora de destacar la complejidad de los m\u00faltiples procesos a nivel de territorios y sociedades que configuran experiencias de no reconocimiento de las personas mayores (por ejemplo, representatividad c\u00edvica y espacial), privaci\u00f3n o falta de recurso a la ley (por ejemplo, inmigrantes, colectivos desfavorecidos, malos tratos), aislamiento social y espacial (por ejemplo, desierto alimentario o farmac\u00e9utico, dependencia del autom\u00f3vil) (Bezzirgani, Lachapelle, 2020; Pedzirgani, Lachapelle). Bezzirgani, Lachapelle, 2020; Pednekar, Peterson, 2018; Negron-Poblete, S\u00e9guin, 2018) o la accesibilidad a los recursos para determinados perfiles (por ejemplo, discapacidad, vejez).&nbsp;&nbsp;Adem\u00e1s, aunque los cambios territoriales, sociales y societarios, as\u00ed como las trayectorias individuales, muestran que las desigualdades pueden ser duraderas, pero tambi\u00e9n pueden ser temporales o puntuales. Por ejemplo, las personas mayores pueden enfrentarse a situaciones o entornos incapacitantes, pero esto no significa que se ver\u00e1n privadas de su espacio de autodeterminaci\u00f3n (Fougeyrollas, Boucher, Charrier, 2016).<\/p>\n\n\n\n<h3 class=\"wp-block-heading\">\u00bfQu\u00e9 sabemos de los procesos din\u00e1micos que llevan a las personas mayores a entrar o salir de una situaci\u00f3n de exclusi\u00f3n? Adem\u00e1s de definir mejor las trayectorias en s\u00ed y su significado en un contexto de cambio, parece pertinente distinguir los efectos acumulativos de las distintas desigualdades y las bifurcaciones que \u00e9stos pueden provocar -o no- en una trayectoria individual y colectiva.<\/h3>\n\n\n\n<p>Frente a la recomposici\u00f3n del tiempo, un enfoque te\u00f3rico en t\u00e9rminos de reconocimiento (Fraser, 2005; Honneth, 2005) tambi\u00e9n permite pensar desde una perspectiva inclusiva, en donde las personas mayores tienen el estatus de interlocutores valorados en las interacciones sociales, independientemente de sus afiliaciones o prescripciones identitarias. El reconocimiento procede de los lazos afectivos entre individuos y grupos, de los derechos dentro de la esfera social y de la solidaridad en el compartir y el apoyo.<\/p>\n\n\n\n<h3 class=\"wp-block-heading\">\u00bfTomar en cuenta las trayectorias de las personas mayores proyectadas en una sociedad y unos territorios cambiantes modifica dichas perspectivas de inclusi\u00f3n y reconocimiento?<\/h3>\n\n\n\n<p>Pensamos aqu\u00ed en diversas nociones asociadas a estas perspectivas, como el respeto a los individuos y sus grupos, la justicia social y territorial, el valor social de las personas, el acceso a los territorios y sus recursos, y la gratitud hacia las personas independientemente de su situaci\u00f3n y posici\u00f3n social. Adem\u00e1s de este eje transversal, que ponen de relieve las l\u00f3gicas y los mecanismos en juego en las trayectorias, lo cual puede permitirnos cuestionar las teor\u00edas, los conceptos, los m\u00e9todos y las epistemolog\u00edas asociados al cambio, los colaboradores pueden explorar tres ejes tem\u00e1ticos.<\/p>\n\n\n\n<h2 class=\"wp-block-heading\" id=\"tema1\">Tema 1: Situarse entre la continuidad, las bifurcaciones y la reversibilidad<\/h2>\n\n\n\n<p>Varios estudios recientes se han ocupado del reconocimiento de distintos grupos o perfiles de personas mayores. A menudo limitadas a una perspectiva transversal basada en la edad, quiz\u00e1 longitudinal en algunos casos, estas investigaciones siguen haciendo poco hincapi\u00e9 en la noci\u00f3n de trayectorias como realidad din\u00e1mica. Las perspectivas que no tienen en cuenta la variabilidad biogr\u00e1fica tienden a oscurecer el posicionamiento social diferencial o las condiciones territoriales. Aunque existe un dicho popular que afirma que envejecemos como hemos vivido, la teor\u00eda del curso de vida muestra que las trayectorias no son lineales, sino que est\u00e1n compuestas de posibles bifurcaciones y reversibilidades, as\u00ed como de disposiciones evolutivas de roles, estatus e identidades (individuales y colectivas). Esta perspectiva es una invitaci\u00f3n a abrir el debate sobre las formas de exclusi\u00f3n que generan las sociedades y los territorios en estado de cambio acelerado.<\/p>\n\n\n\n<p>Para el eje 1, buscamos contribuciones sobre el estudio de las interacciones entre las biograf\u00edas individuales y los mecanismos de acci\u00f3n p\u00fablica o de asociaciones y comunidades que tienen como objetivo apoyar la inclusi\u00f3n social de las personas mayores en contextos de cambio.&nbsp;<\/p>\n\n\n\n<h3 class=\"wp-block-heading\">La idea de revisar y adaptar las pol\u00edticas y las ayudas en funci\u00f3n de los contextos cambiantes de los territorios parece esencial. Pero, al mismo tiempo, \u00bfcu\u00e1les son las necesidades de innovaci\u00f3n que deber\u00edan o podr\u00edan impulsar cambios en los programas o pol\u00edticas existentes y en las formas de hacer las cosas? \u00bfNecesitamos replantearnos nuestros enfoques del envejecimiento, nuestros m\u00e9todos de investigaci\u00f3n y an\u00e1lisis y nuestras herramientas de trabajo con las personas y las regiones para tener en cuenta los cambios y las trayectorias vitales, los cuales probablemente cambiar\u00e1n?<\/h3>\n\n\n\n<p>En este sentido, ciertas trayectorias pueden llevar a las personas mayores a viviendas reservadas (residencias u otras f\u00f3rmulas residenciales dise\u00f1adas para la poblaci\u00f3n de edad avanzada), a las que llegan por falta de opciones disponibles en el mercado, lo que puede dar lugar a otros traslados posteriores. Otras trayectorias pueden llevar a las personas a permanecer en su domicilio, a pesar de una situaci\u00f3n objetivamente problem\u00e1tica desde el punto de vista de la seguridad o la autonom\u00eda.<\/p>\n\n\n\n<h3 class=\"wp-block-heading\">\u00bfLas personas mayores son libres de tomar decisiones informadas sobre su permanencia o traslado a otro domicilio? \u00bfC\u00f3mo se toman estas decisiones? \u00bfSe respetan las decisiones o se intenta influir en ellas? \u00bfQu\u00e9 agentes pueden apoyarles a la hora de tomar o actualizar estas decisiones, en un mundo de r\u00e1pida adaptaci\u00f3n, cambio y escasez de apoyo, recursos y vivienda?<\/h3>\n\n\n\n<p>Del mismo modo, buscamos propuestas de ponencias que nos permitan cuestionar el modo en que los individuos se sienten &#8220;incluidos&#8221; y &#8220;ciudadanos&#8221; de pleno derecho en una sociedad con plazos cortos y acciones fragmentadas.<\/p>\n\n\n\n<p>Por \u00faltimo, este tema tambi\u00e9n invita a propuestas de car\u00e1cter m\u00e1s te\u00f3rico y general, por ejemplo en torno a cuestiones sobre la &#8220;sociedad l\u00edquida&#8221; (Beilharz, 2018). Un mundo l\u00edquido implica una buena capacidad de adaptaci\u00f3n individual y colectiva, y no simplemente la acumulaci\u00f3n de capital s\u00f3lido (econ\u00f3mico, financiero, inmobiliario). Estos enfoques complementan e incluso pueden oponerse al uso de las &#8220;clases sociales&#8221; como principal referencia anal\u00edtica y herramienta conceptual o pol\u00edtica en la lucha contra la injusticia, al dificultar el an\u00e1lisis de los procesos en juego. En un mundo cambiante, la acumulaci\u00f3n de capital s\u00f3lido ya no remite necesariamente a una noci\u00f3n de seguridad e inversi\u00f3n. Por el contrario, la liquidez conduce a la heterogeneidad incluso dentro de un grupo de individuos que comparten caracter\u00edsticas comunes, como se observa con las diferentes configuraciones individuales y sociales de los arreglos de estilo de vida (por ejemplo, Kaufmann y Ravalet, 2019; Lord et al., 2015).<\/p>\n\n\n\n<p>Esta perspectiva exige relativizar, e incluso superar, las nociones de inclusi\u00f3n y exclusi\u00f3n. La exclusi\u00f3n puede ser relativa, parcial o m\u00faltiple, en funci\u00f3n de los roles y el estatus. La perspectiva del cambio y las trayectorias tambi\u00e9n muestra que la exclusi\u00f3n puede ser temporal y reversible.<\/p>\n\n\n\n<h2 class=\"wp-block-heading\" id=\"tema2\">Tema 2: Participar en la transformaci\u00f3n del entorno vital<\/h2>\n\n\n\n<p>El eje 2 incluye una serie de dimensiones tanto estables como cambiantes, relacionadas con el entorno espacial. Las personas, como los territorios, evolucionan. La morfolog\u00eda de los entornos vitales (edificios, formas urbanas) es m\u00e1s permanente, mientras que las poblaciones cambian m\u00e1s r\u00e1pidamente. Las configuraciones funcionales (servicios, recursos, etc.) son mucho m\u00e1s flexibles y evolutivas, formando parte de la esfera privada, comunitaria o p\u00fablica, al tiempo que dependen de la econom\u00eda y la demograf\u00eda. Por \u00faltimo, los cambios en los entornos vitales pueden ser pol\u00edticos, por ejemplo, en t\u00e9rminos de representaci\u00f3n ciudadana o de introducci\u00f3n de programas favorables a las personas mayores, como Ciudades y Comunidades Amigables con las Personas Mayores (CCPM). Estos cambios en los entornos de vida dan lugar a configuraciones m\u00e1s o menos favorables a las trayectorias de envejecimiento.&nbsp;<\/p>\n\n\n\n<h3 class=\"wp-block-heading\">\u00bfC\u00f3mo se relacionan estos cambios con los territorios? \u00bfLas dificultades para comprender la naturaleza cambiante de los entornos vitales plantean obst\u00e1culos adicionales a la aplicaci\u00f3n de intervenciones como CCPM?<\/h3>\n\n\n\n<p>Buscamos propuestas de comunicaci\u00f3n que reflejen la naturaleza din\u00e1mica de los entornos vitales. En nuestro cuestionamiento, el concepto de barrio (o colonia) emerge como una noci\u00f3n privilegiada para interrogarse sobre la evoluci\u00f3n de los v\u00ednculos y las solidaridades (personas, vecinos, habitantes, ciudadanos, etc.). Varios estudios, entre ellos los de Golant (2003, 2014) y Nowick y Thalineau (2014), destacan el car\u00e1cter positivo pero relativo del envejecimiento en su hogar. Algunos tambi\u00e9n sugerir\u00e1n que el hogar se ha &#8220;romantizado&#8221; en el discurso del envejecimiento en la comunidad. Una persona mayor que aspire a envejecer en la comunidad para mantener la continuidad y la estabilidad de su hogar tendr\u00e1 que transformar inevitablemente gran parte de su estilo de vida, su movilidad, los contactos sociales y las temporalidades, entre otras cosas, ser\u00e1n objeto de importantes adaptaciones (Lord y Luxembourg, 2005; Lord, 2012; Despr\u00e9s 2021).<\/p>\n\n\n\n<h3 class=\"wp-block-heading\">En medio de estos cambios, a menudo inconscientes e impl\u00edcitos, \u00bfcu\u00e1les son las t\u00e1cticas, estrategias y palancas de adaptaci\u00f3n m\u00e1s sensibles? \u00bfA qu\u00e9 hay que renunciar o apostar para conservar el hogar y lo que queda de \u00e9ste despu\u00e9s de todos estos cambios?<\/h3>\n\n\n\n<p>As\u00ed, las trayectorias emprendidas con la decisi\u00f3n de &#8220;quedarse&#8221; o &#8220;dejar&#8221; el hogar pueden cambiar en varias direcciones y tardar varios a\u00f1os en desarrollarse; mientras que, para otros, la adaptaci\u00f3n es m\u00e1s r\u00e1pida.<\/p>\n\n\n\n<h3 class=\"wp-block-heading\">\u00bfQu\u00e9 respuestas hay que dar a estas distintas trayectorias seg\u00fan los diferentes actores y territorios? \u00bfC\u00f3mo evitar visiones &#8220;nost\u00e1lgicas&#8221; que podr\u00edan influir en las intervenciones en los entornos de vida? \u00bfC\u00f3mo apoyar tanto al &#8220;ayudado&#8221; como al &#8220;cuidador&#8221; en las cambiantes condiciones de adaptaci\u00f3n (operativas, financieras, psicol\u00f3gicas o relacionales)? \u00bfCu\u00e1les son las promesas de los entornos vitales dise\u00f1ados para ser adaptables y evolutivos?<\/h3>\n\n\n\n<h2 class=\"wp-block-heading\">Tema 3: Participaci\u00f3n de las partes interesadas en las transformaciones sociales y espaciales<\/h2>\n\n\n\n<p>El eje 3 examina el papel de las personas mayores en la respuesta a los cambios que est\u00e1n experimentando y a los cambios que pueden provocar.<\/p>\n\n\n\n<h3 class=\"wp-block-heading\">Dada la atenci\u00f3n que se presta actualmente a la investigaci\u00f3n participativa y a los enfoques de intervenci\u00f3n orientados a la inclusi\u00f3n y a la movilizaci\u00f3n del poder de acci\u00f3n de las personas, \u00bfc\u00f3mo pueden participar mejor las personas mayores y sus redes sociales, sin reforzar los procesos normativos ni instrumentalizar la participaci\u00f3n? \u00bfQu\u00e9 m\u00e9todos o herramientas deber\u00edan elegirse entre la constelaci\u00f3n de enfoques disponibles?<\/h3>\n\n\n\n<p>Si la participaci\u00f3n puede permitir a las personas ver actualizados sus derechos pol\u00edticos, tambi\u00e9n nos invita a reflexionar sobre la voluntad y la capacidad de las personas mayores para desempe\u00f1ar un papel activo, incluso contestatario, en la evoluci\u00f3n de sus vidas. La inclusi\u00f3n social es un proceso complejo que reconoce las posibilidades y la diversidad de los modos de participaci\u00f3n individuales y colectivos. El reto consiste en situar a cada cual en sus diferentes papeles y estatus. La acci\u00f3n en los territorios se realiza a trav\u00e9s de asociaciones, el desarrollo de herramientas de diagn\u00f3stico locales y el apoyo entre iguales para prestar ayuda a domicilio o desplazarse en el territorio, son \u00e1mbitos en los que la participaci\u00f3n se valora desde el punto de vista cient\u00edfico, social y profesional.<\/p>\n\n\n\n<h3 class=\"wp-block-heading\">Participar en la acci\u00f3n y cambiar los entornos de vida no puede hacerse sin reconocer y redistribuir los recursos concretos y simb\u00f3licos, y sin tener en cuenta los derechos y los poderes.<\/h3>\n\n\n\n<p>Buscamos contribuciones cr\u00edticas que aporten una visi\u00f3n del lugar que las personas mayores ocupan o al que aspiran en estos esquemas participativos, colaborativos, creativos o de otro tipo, as\u00ed como los efectos derivados de su implicaci\u00f3n en la acci\u00f3n c\u00edvica, comunitaria y pol\u00edtica en los entornos vitales en cuesti\u00f3n, en particular a trav\u00e9s de la producci\u00f3n o adaptaci\u00f3n de viviendas y h\u00e1bitats, \u00e1reas de uso colectivo intergeneracional y espacios p\u00fablicos inclusivos.<\/p>\n\n\n\n<p>Una serie de cuestiones se refieren a las formas de dar a las personas mayores acceso a poderes y recursos (ingresos, transferencias gubernamentales, atenci\u00f3n y servicios p\u00fablicos, comunitarios y privados, etc.) para que puedan desempe\u00f1ar un papel real en las decisiones y acciones de sus entornos vitales. Los posibles \u00e1mbitos de participaci\u00f3n son muy diversos y a menudo se dividen en funci\u00f3n de las disciplinas o las administraciones y en varias escalas espaciales. El crecimiento de las iniciativas CCPM, tanto en Quebec como en el mundo franc\u00f3fono e internacional, demuestra claramente la complejidad de actuar juntos por el bienestar de las personas mayores, por una sociedad m\u00e1s inclusiva y en favor de la convivencia. Varios \u00e1mbitos de acci\u00f3n se ven afectados por la invisibilidad de perfiles o de grupos de personas mayores en el territorio.<\/p>\n\n\n\n<p>Entre otras cosas, y sin limitaci\u00f3n, llamamos la atenci\u00f3n sobre los contextos y procesos que conducen al maltrato de las personas mayores y sus seres queridos, as\u00ed como sobre el desarrollo de pol\u00edticas p\u00fablicas y programas de intervenci\u00f3n en entornos de vida o al final de la vida.<\/p>\n\n\n\n<h3 class=\"wp-block-heading\">El lugar que ocupan las personas mayores en la toma de decisiones sobre la gesti\u00f3n y la ordenaci\u00f3n del territorio tambi\u00e9n es un importante \u00e1mbito de inter\u00e9s, sobre todo en contextos de inestabilidad y de plazos breves en los procesos de gesti\u00f3n territorial.<\/h3>\n\n\n\n<p>La evoluci\u00f3n, adaptaci\u00f3n y creaci\u00f3n de proyectos inmobiliarios innovadores y de un abanico de opciones residenciales o de transporte adaptadas, as\u00ed como la forma en que los gestionan los distintos tipos de interesados, son otros de las temas que deseamos explorar.<\/p>\n\n\n\n<h2 class=\"wp-block-heading\">Audiencias invitadas y contribuciones<\/h2>\n\n\n\n<p>El 7\u00ba Coloquio Internacional de R\u00c9IACTIS en Montreal pretende ser un lugar de encuentro de diferentes tipos de conocimiento y acci\u00f3n sobre el envejecimiento. Por un lado, esperamos contribuciones de&nbsp;<strong>investigadores cient\u00edficos<\/strong>&nbsp;procedentes de grupos y redes de investigaci\u00f3n del mundo de la investigaci\u00f3n (universitaria, acad\u00e9mica o extraacad\u00e9mica). Tambi\u00e9n se alientan fuertemente las propuestas de la&nbsp;<strong>pr\u00f3xima generaci\u00f3n de<\/strong><strong>cient\u00edficos<\/strong>. Por otra parte, el comit\u00e9 organizador del Coloquio tambi\u00e9n desea abordar el&nbsp;<strong>ecosistema de intervenci\u00f3n (profesional, asociativo, comunitario)<\/strong>&nbsp;con las personas mayores, as\u00ed como los territorios que habitan, los espacios y organizaciones en los que participan, los servicios que consumen o solicitan, y los cuidados y programas destinados a ellas. Esta invitaci\u00f3n incluye a los&nbsp;<strong>actores asociativos o comunitarios o a cualquier organizaci\u00f3n<\/strong>&nbsp;que trabaje en la innovaci\u00f3n y la intervenci\u00f3n social, comunitaria y territorial. Por \u00faltimo, tambi\u00e9n son bienvenidas las ponencias de&nbsp;<strong>organizaciones, instituciones u otros grupos (alimentaci\u00f3n, salud, arquitectura, urbanismo, desarrollo, transporte, entre otros), incluyendo las oficinas o agencias creativas y de dise\u00f1o (objetos, mobiliario, viviendas, edificios, espacios p\u00fablicos)<\/strong>para las que el envejecimiento es un tema de reflexi\u00f3n o de acci\u00f3n.<\/p>\n\n\n\n<p>Las propuestas de comunicaciones deber\u00e1n enviarse a trav\u00e9s de la p\u00e1gina web del 7\u00ba Coloquio Internacional R\u00c9IACTIS entre el&nbsp;<strong>30 de agosto y el 10 de octubre de 2023<\/strong>. Se esperan propuestas de:<\/p>\n\n\n\n<p>1) \u00c1mbito cient\u00edfico<\/p>\n\n\n\n<ul class=\"wp-block-list\">\n<li><strong>Ponencia individual<\/strong>&nbsp;(m\u00e1ximo 5.000 caracteres, espacios incluidos).<\/li>\n\n\n\n<li><strong>Simposio<\/strong>&nbsp;(m\u00e1ximo 5.000 caracteres, espacios incluidos) con res\u00famenes de todos los ponentes (m\u00e1ximo 3.000 caracteres, espacios incluidos).<\/li>\n\n\n\n<li><strong>P\u00f3ster<\/strong>&nbsp;(proyecto cient\u00edfico, resultados finales o provisionales de la investigaci\u00f3n, presentaci\u00f3n de m\u00e9todos, etc.) (m\u00e1ximo 5.000 caracteres, espacios incluidos).<\/li>\n<\/ul>\n\n\n\n<p>2) \u00c1mbito de intervenci\u00f3n<\/p>\n\n\n\n<ul class=\"wp-block-list\">\n<li><strong>Mesa redonda<\/strong>&nbsp;(de 3 a 5 ponentes como m\u00e1ximo) (6.000 caracteres como m\u00e1ximo, espacios incluidos). Una mesa redonda es una reuni\u00f3n propuesta por un patrocinador sobre un tema determinado, que re\u00fane a investigadores y no investigadores.<\/li>\n\n\n\n<li><strong>Presentaci\u00f3n de un proyecto, estudio o iniciativa local<\/strong>&nbsp;(5.000 caracteres como m\u00e1ximo, espacios incluidos).<\/li>\n\n\n\n<li><strong>P\u00f3ster<\/strong>&nbsp;(proyectos profesionales, de asociaciones, comunitarios u otros) (m\u00e1ximo 5.000 caracteres, espacios incluidos).<\/li>\n<\/ul>\n\n\n\n<h2 class=\"wp-block-heading\">Fechas para recordar<\/h2>\n\n\n\n<figure class=\"wp-block-table\"><table><tbody><tr><td>Presentaci\u00f3n de propuestas<\/td><td><strong>30 de agosto a 15 de noviembre 2023<\/strong><\/td><\/tr><tr><td>Evaluaci\u00f3n de los trabajos<\/td><td><strong>Octubre a noviembre de 2023<\/strong><\/td><\/tr><tr><td>Devoluci\u00f3n a los autores<\/td><td><strong>Desde noviembre de 2023<\/strong><\/td><\/tr><tr><td>Preprograma<\/td><td><strong>Diciembre de 2023<\/strong><\/td><\/tr><tr><td>Programa definitivo<\/td><td><strong>Marzo de 2024<\/strong><\/td><\/tr><tr><td>Conferencia en Montreal<\/td><td><strong>del 5 al 7 de junio de 2024<\/strong><\/td><\/tr><\/tbody><\/table><\/figure>\n\n\n\n<p>Si desea m\u00e1s informaci\u00f3n, p\u00f3ngase en contacto con nosotros: <a href=\"mailto:montreal2024@reiactis.net\">montreal2024@reiactis.net<\/a><\/p>\n\n\n\n<h2 class=\"wp-block-heading\">Referencias<\/h2>\n\n\n\n<p>Beilharz P (2018) The legacy of Zygmunt Bauman.&nbsp;<em>Journal of Sociology<\/em>&nbsp;54(3)&nbsp;: 294-299.<\/p>\n\n\n\n<p>Bezirgani A, Lachapelle U (2020)&nbsp;<em>\u00c9tude sur l\u2019acc\u00e8s \u00e0 l\u2019alimentation des personnes \u00e2g\u00e9es de Montr\u00e9al et Laval : apport potentiel de l\u2019\u00e9picerie en ligne&nbsp;?<\/em>&nbsp;Montr\u00e9al&nbsp;: D\u00e9partement d\u2019\u00e9tudes urbaines et touristiques de l\u2019Universit\u00e9 du Qu\u00e9bec \u00e0 Montr\u00e9al.<\/p>\n\n\n\n<p>Bickel J-F, Hugentobler V (2018) Les multiples faces du pouvoir d\u2019agir \u00e0 l\u2019\u00e9preuve du vieillissement.&nbsp;<em>G\u00e9rontologie et soci\u00e9t\u00e9<\/em>&nbsp;40(157).<\/p>\n\n\n\n<p>Buffel T, Handler S, Phillipson C (2018)&nbsp;<em>Age-Friendly cities and communities: A global perspective<\/em>. Bristol, University Press.<\/p>\n\n\n\n<p>Caradec V (2001)&nbsp;<em>Sociologie de la vieillesse et du vieillissement<\/em>. Paris, Nathan.<\/p>\n\n\n\n<p>Caradec V (2004). Les \u00ab supports \u00bb de l\u2019individu vieillissant. Retour sur la notion de \u00ab d\u00e9prise \u00bb,&nbsp;<em>In Mat\u00e9riaux pour une sociologie de l\u2019individu<\/em>, Caradec V et Martuccelli D (dir.), Perspectives et d\u00e9bats. Villeneuve-d\u2019Ascq, Presses universitaires du Septentrion (p. 25-42).<\/p>\n\n\n\n<p>Chouraqui J (2020) Les r\u00e9formes et l\u2019\u00c9tat et la transformation des services publics : des tendances internationales au local, quels effets pour les territoires ?&nbsp;<em>Annales de g\u00e9ographie<\/em>&nbsp;2(732)&nbsp;: 5-30.<\/p>\n\n\n\n<p>Cl\u00e9ment S, Drulhe M, Mantovani J, Membrado M (2018) Gen\u00e8se de la d\u00e9prise.&nbsp;<em>G\u00e9rontologie et soci\u00e9t\u00e9<\/em>40(155)&nbsp;: 27-32.<\/p>\n\n\n\n<p>Cl\u00e9ment S, Drulhe M, Mantovani J, Membrado M (2018) Gen\u00e8se de la d\u00e9prise.&nbsp;<em>G\u00e9rontologie et soci\u00e9t\u00e9<\/em>40(155)&nbsp;: 27-32.<\/p>\n\n\n\n<p>Cl\u00e9ment S, Mantovani J (1999) Les d\u00e9prises en fin de parcours de vie.&nbsp;<em>G\u00e9rontologie et soci\u00e9t\u00e9<\/em>&nbsp;22(90)&nbsp;:&nbsp;95-108.<\/p>\n\n\n\n<p>Davis M (2013) Hurried lives: Dialectics of time and technology in liquid modernity.&nbsp;<em>Thesis Eleven<\/em>&nbsp;118(1): 7-18.<\/p>\n\n\n\n<p>Despr\u00e9s M (2021)&nbsp;<em>Vieillissement et mobilit\u00e9 quotidienne : regards crois\u00e9s sur les strat\u00e9gies de d\u00e9placements d\u2019individus vieillissants r\u00e9sidant dans les r\u00e9gions de Montr\u00e9al et Laval<\/em>. Montr\u00e9al, Universit\u00e9 de Montr\u00e9al, th\u00e8se de doctorat (Ph.D. am\u00e9nagement).&nbsp;<\/p>\n\n\n\n<p>Fougeyrollas P, Boucher N, Charrier F (2016) Un mod\u00e8le \u00e0 l\u2019\u00e9preuve du temps : le point sur le Mod\u00e8le de d\u00e9veloppement humain et du Processus de production du handicap (MDH-PPH 2).&nbsp;<em>D\u00e9ficience intellectuelle et trouble du spectre de l\u2019autisme<\/em>&nbsp;8(1)&nbsp;: 6-13.<\/p>\n\n\n\n<p>Fraser N (2005)&nbsp;<em>Qu\u2019est-ce que la justice sociale&nbsp;? Reconnaissance et distribution<\/em>.&nbsp;Paris, La D\u00e9couverte.<\/p>\n\n\n\n<p>Golant S (2014) Age-friendly communities: Are we expecting too much?&nbsp;<em>Institute for Research on Public Policy Insight<\/em>&nbsp;5: 1-20.<\/p>\n\n\n\n<p>Golant SM (2015) Residential normalcy and the enriched coping repertoires of successfully aging older adults.&nbsp;<em>Gerontologist<\/em>&nbsp;55: 70-82.<\/p>\n\n\n\n<p>Hall JR (2017) Bauman liquide. Socio 8: 57-70.<\/p>\n\n\n\n<p>Honneth A (2005) Invisibilit\u00e9&nbsp;: sur l\u2019\u00e9pist\u00e9mologie de la \u00ab&nbsp;reconnaissance&nbsp;\u00bb.&nbsp;<em>R\u00e9seaux<\/em>&nbsp;1(129\/130)&nbsp;: 39-57.<\/p>\n\n\n\n<p>Kaufmann V, Ravalet E (2019) L\u2019urbanisme par les modes de vie : outils d\u2019analyse pour un am\u00e9nagement durable. Lausanne, M\u00e9tis Presses.<\/p>\n\n\n\n<p>Lord S (2012) Vieillir dans un milieu d\u00e9di\u00e9 \u00e0 l\u2019automobile. \u00c9volution des rapports \u00e0 soi et \u00e0 l\u2019autre dans l\u2019exp\u00e9rience de la mobilit\u00e9 quotidienne,&nbsp;<em>In Les d\u00e9fis territoriaux face au vieillissement<\/em>, Viriot-Durandal J-P, Pihet C, Chapon PM (dir.), Paris, La Documentation fran\u00e7aise (31-46).<\/p>\n\n\n\n<p>Lord S, Negron-Poblete P, Torres&nbsp;J (dir.)&nbsp;(2015)&nbsp;<em>Mobilit\u00e9 et inclusion, quelles relations ?<\/em>&nbsp;Qu\u00e9bec, Collection \u00e9tudes urbaines, Presses de l\u2019Universit\u00e9 Laval.<\/p>\n\n\n\n<p>Lord S, Pich\u00e9 D (2018)&nbsp;<em>Vieillissement et am\u00e9nagement. Perspectives plurielles<\/em>. Montr\u00e9al, Presses de l\u2019Universit\u00e9 de Montr\u00e9al.<\/p>\n\n\n\n<p>Meidani A, Cavalli S (2019)&nbsp;<em>Figures du vieillir et formes de d\u00e9prise<\/em>. Paris, \u00c9r\u00e8s, coll. L\u2019\u00e2ge et la vie \u2013 Prendre soin des personnes \u00e2g\u00e9es et des autres.<\/p>\n\n\n\n<p>Moulaert T, Garon S (2016)&nbsp;<em>Age-Friendly Cities and Communities in International Comparison. Political Lessons, Scientific Avenues, and Democratic Issues<\/em>.&nbsp;New-York, Springer.<\/p>\n\n\n\n<p>Moulaert T, Scheider M, Viriot-Durandal J-P (dir.) (2018) Vieillissement et territoires. D\u00e9fis d\u00e9mographiques, enjeux d\u00e9mocratiques (2).&nbsp;<em>Retraite et soci\u00e9t\u00e9<\/em>&nbsp;(79)<\/p>\n\n\n\n<p>Moulaert T, Viriot-Durandal J-P (2013) Le \u00ab&nbsp;vieillissement actif&nbsp;\u00bb sur la sc\u00e8ne internationale&nbsp;: Perspectives m\u00e9thodologiques pour l\u2019\u00e9tude d\u2019un r\u00e9f\u00e9rentiel polymorphe.&nbsp;<em>Les politiques sociales<\/em>&nbsp;1(1-2)&nbsp;: 10-21.<\/p>\n\n\n\n<p>Negron-Poblete P, S\u00e9guin A-M (2018) L\u2019usage g\u00e9n\u00e9ralis\u00e9 de l\u2019automobile chez les personnes \u00e2g\u00e9es&nbsp;: choix ou contrainte&nbsp;?&nbsp;<em>In Les vieillissements sous la loupe. Entre mythes et r\u00e9alit\u00e9s<\/em>, Billette V, Marier P, A-M S\u00e9guin (Dir.). Qu\u00e9bec&nbsp;: Les Presses de l\u2019Universit\u00e9 Laval (85-93).<\/p>\n\n\n\n<p>Ngatcha-Ribert L, Simzac A-B, Moulaert T (2022) Soci\u00e9t\u00e9 inclusive et vieillissement&nbsp;: discours, pratiques et controverses.&nbsp;<em>G\u00e9rontologie et soci\u00e9t\u00e9<\/em>&nbsp;44(167)&nbsp;: 11-21.<\/p>\n\n\n\n<p>Ngatcha-Ribert L, Simzac A-B, Moulaert T (2022) Soci\u00e9t\u00e9 inclusive et vieillissement&nbsp;: discours, pratiques et controverses.&nbsp;<em>G\u00e9rontologie et soci\u00e9t\u00e9<\/em>&nbsp;44(16&nbsp;&nbsp;&nbsp;&nbsp;&nbsp;&nbsp;&nbsp;7).<\/p>\n\n\n\n<p>Nowik L, Thalineau A (dir.)&nbsp;(2014)&nbsp;<em>Vieillir chez soi. Les nouvelles formes du maintien \u00e0 domicile<\/em>.&nbsp;Rennes, Presses universitaires de Rennes, Le sens social.<\/p>\n\n\n\n<p>Pednekar P, Peterson A (2018) Mapping pharmacy deserts and determining accessibility to community pharmacy services for elderly enrolled in a state pharmaceutical assistance program.&nbsp;<em>PLoS ONE<\/em>&nbsp;13 (6).<\/p>\n\n\n\n<p>Rosa H (2012)&nbsp;<em>Acc\u00e9l\u00e9ration. Une critique sociale du temps<\/em>. Paris, La D\u00e9couverte.<\/p>\n\n\n\n<p>Scheider M, Moulaert T, Viriot-Durandal J-P (dir.) (2017) Vieillissement et territoires. D\u00e9fis d\u00e9mographiques, enjeux d\u00e9mocratiques (1).&nbsp;<em>Retraite et Soci\u00e9t\u00e9<\/em>&nbsp;(76).<\/p>\n\n\n\n<p>Viriot-Durandal J-P (dir.) (2012) Le pouvoir gris&nbsp;: Du lobbying au pouvoir sur soi.&nbsp;<em>G\u00e9rontologie et soci\u00e9t\u00e9<\/em>35(143).Viriot-Durandal J-P, Raymond E, Moulaert T, Charpentier M (dir.) (2015)&nbsp;<em>Droit de vieillir et citoyennet\u00e9 des a\u00een\u00e9s. Pour une perspective internationale<\/em>. Qu\u00e9bec, Presses de l\u2019universit\u00e9 du Qu\u00e9bec, coll. Probl\u00e8mes sociaux &amp; interventi.<\/p>\n\n\n\n<h2 class=\"wp-block-heading\">Organizaci\u00f3n del evento<\/h2>\n\n\n\n<p>Organizado por la Universidad de Montreal en colaboraci\u00f3n con la Universidad Laval, la Universidad de Sherbrooke, la Universidad de Moncton, el Centre coll\u00e9gial d&#8217;expertise en g\u00e9rontologie du C\u00e9gep de Drummondville y la c\u00e1tedra internacional Soci\u00e9t\u00e9 Inclusive et Avanc\u00e9e en Age (SIAGE) de la Universidad de Lorraine, el 7\u00ba coloquio internacional \u201cTrayectorias del envejecimiento. Considerar la pluralidad de contextos y tiempos\u201d contin\u00faa la ambici\u00f3n de R\u00c9IACTIS de promover la investigaci\u00f3n sobre el envejecimiento y el di\u00e1logo con la sociedad.<\/p>\n\n\n\n<p>El evento reunir\u00e1 a diversos grupos de investigadores, redes cient\u00edficas y sociedades eruditas de Quebec y del resto del mundo. Su Consejo Asesor Cient\u00edfico est\u00e1 compuesto por m\u00e1s de 80 miembros de universidades y de otras instituciones y centros de investigaci\u00f3n de Am\u00e9rica, \u00c1frica, Europa y Asia.<\/p>\n\n\n\n<p>Con sede en Montreal, la 7\u00aa edici\u00f3n del Coloquio Internacional R\u00c9IACTIS ofrece una ocasi\u00f3n \u00fanica para confrontar puntos de vista a nivel internacional e interdisciplinario, en un esp\u00edritu de apertura entre las zonas franc\u00f3fona e angl\u00f3fona, invitando al mismo tiempo a otras \u00e1reas culturales, en particular hispanohablantes, a unirse a los intercambios.<\/p>\n\n\n\n<h3 class=\"wp-block-heading\">La Conferencia Internacional R\u00c9IACTIS 2024 est\u00e1 concebida para reunir a los mundos de la investigaci\u00f3n, la pr\u00e1ctica y la toma de decisiones p\u00fablicas, y est\u00e1 abierta a los agentes de la sociedad civil que trabajan en el campo del envejecimiento.<\/h3>\n\n\n\n<p><\/p>\n\n\n\n<h2 class=\"wp-block-heading\">Comit\u00e9 Organizador<\/h2>\n\n\n\n<ul class=\"wp-block-list\">\n<li>S\u00e9bastien Lord, Universit\u00e9 de Montr\u00e9al<\/li>\n\n\n\n<li>Julie Castonguay, Centre coll\u00e9gial d\u2019expertise en g\u00e9rontologie du C\u00e9gep de Drummondville<\/li>\n\n\n\n<li>Radoslav Gruev, Universit\u00e9 de Lorraine<\/li>\n\n\n\n<li>M\u00e9lanie Levasseur, Universit\u00e9 de Sherbrooke<\/li>\n\n\n\n<li>Mathilde Loiselle, Universit\u00e9 de Montr\u00e9al<\/li>\n\n\n\n<li>Ruth Ndjaboue, Universit\u00e9 de Sherbrooke<\/li>\n\n\n\n<li>Paula Negron-Poblete, Universit\u00e9 de Montr\u00e9al<\/li>\n\n\n\n<li>Mario Paris, Universit\u00e9 de Moncton<\/li>\n\n\n\n<li>\u00c9milie Raymond, Universit\u00e9 Laval<\/li>\n\n\n\n<li>Samu\u00e8le R\u00e9millard-Boilard, Universit\u00e9 de Sherbrooke<\/li>\n\n\n\n<li>Edgar Schnepp, Universit\u00e9 de Montr\u00e9al<\/li>\n\n\n\n<li>Jean-Philippe Viriot-Durandal, Universit\u00e9 de Lorraine<\/li>\n<\/ul>\n\n\n\n<p><\/p>\n\n\n\n<h2 class=\"wp-block-heading\">Comit\u00e9 Cient\u00edfico<\/h2>\n\n\n\n<ul class=\"wp-block-list\">\n<li>Argoud, Dominique, Ma\u00eetre de Conf\u00e9rences, Universit\u00e9 Paris-Est Cr\u00e9teil, LIRTES, France<\/li>\n\n\n\n<li>Balard, Fr\u00e9d\u00e9ric, Ma\u00eetre de Conf\u00e9rences, Universit\u00e9 de Lorraine, 2L2S, France<\/li>\n\n\n\n<li>Beaulieu, Marie, Professeure retrait\u00e9e et associ\u00e9e, Universit\u00e9 de Sherbrook, Centre int\u00e9gr\u00e9 universitaire de sant\u00e9 et de services sociaux de l&#8217;Estrie, Canada<\/li>\n\n\n\n<li>B\u00e9dard, Marie-\u00c8ve, PhD en g\u00e9rontologie, C\u00e9gep de Drummondville, Universit\u00e9 de Sherbrooke, Canada<\/li>\n\n\n\n<li>Behladj-Ziane, Kheira, Professeure des Universit\u00e9s, Universit\u00e9 de Lorraine, 2L2S, France<\/li>\n\n\n\n<li>B\u00e9land, Daniel, Professeur en science politique, Universit\u00e9 McGill, &nbsp;, Canada<\/li>\n\n\n\n<li>Berg, Nicolas, Docteur, CHU de Li\u00e8ge, &nbsp;, Belgique<\/li>\n\n\n\n<li>Berthod, Marc-Antoine, Professeur, Haute \u00e9cole de travail social et de la sant\u00e9 Lausanne (HETSL) Haute \u00e9cole sp\u00e9cialis\u00e9e de Suisse occidentale (HES-SO), &nbsp;, Suisse<\/li>\n\n\n\n<li>Bertillot, Hugo, Enseignant chercheur, Universit\u00e9 Catholique de Lille, HAD\u00e9PaS, ETHICS, France<\/li>\n\n\n\n<li>Bolzman, Claudio, Professeur honoraire, Haute \u00e9cole sp\u00e9cialis\u00e9e de Suisse occidentale, Suisse<\/li>\n\n\n\n<li>Bonnet, Magalie, Professeure de psychologie, Universit\u00e9 de Franche-Comt\u00e9, Besan\u00e7on, France<\/li>\n\n\n\n<li>Bosquet, Antoine, Docteur (MD), Assistance-Publique\u2013H\u00f4pitaux de Paris, H\u00f4pital Louis-Mourier, Universit\u00e9 Paris Cit\u00e9, France<\/li>\n\n\n\n<li>Bresson, Maryse, Professeure de sociologie, Universit\u00e9 Paris-Saclay -Versailles Saint Quentin en Yvelines, Laboratoire Printemps, France<\/li>\n\n\n\n<li>Caradec, Vincent, Professeur de sociologie, Universit\u00e9 de Lille, Centre de Recherches \u00ab Individus, \u00c9preuves, Soci\u00e9t\u00e9s, France<\/li>\n\n\n\n<li>Castelli Dransart, Dolores Angela, Professeure ordinaire, HES-SO Haute \u00e9cole de travail social Fribourg, Suisse<\/li>\n\n\n\n<li>Castonguay, Julie, Chercheur, C\u00e9gep de Drummondville, Centre coll\u00e9gial d\u2019expertise en g\u00e9rontologie, Canada<\/li>\n\n\n\n<li>Cavalli, Stefano, Professeur, Haute \u00e9cole sp\u00e9cialis\u00e9e de la Suisse italienne (SUPSI), Suisse<\/li>\n\n\n\n<li>Chopard-dit-Jean, Aur\u00e9lie, Psychologue, Docteure en psychologie de l&#8217;Universit\u00e9 de Lausanne, Universit\u00e9 de Lausanne (Suisse) et de l&#8217;Universit\u00e9 Bourgogne Franche-Comt\u00e9 (France), Laboratoire de psychologie de l&#8217;Universit\u00e9 de Franche-Comt\u00e9, France<\/li>\n\n\n\n<li>Desjeux, Cyril, Directeur scientifique, Hand\u00e9o, France<\/li>\n\n\n\n<li>Gramain, Agn\u00e8s, Professeur des Universit\u00e9s, Universit\u00e9 de Lorraine, Universit\u00e9 de Strasbourg, CNRS, France<\/li>\n\n\n\n<li>Gruev, Radoslav, Docteur en sociologie, Universit\u00e9 de Lorraine, REIACTIS, 2L2S, France<\/li>\n\n\n\n<li>Gucher, Catherine, Ma\u00eetresse de conf\u00e9rences, HDR., Universit\u00e9 Grenoble Alpes, Laboratoire PACTE, France<\/li>\n\n\n\n<li>Hamez, Gr\u00e9gory, Professeur de g\u00e9ographie, Universit\u00e9 de Lorraine, LOTERR, France<\/li>\n\n\n\n<li>Hintermeyer, Pascal, Professeur \u00e9m\u00e9rite, Universit\u00e9 de Strasbourg, France<\/li>\n\n\n\n<li>Jory, Herv\u00e9, Ma\u00eetre de conf\u00e9rences en sociologie, Universit\u00e9 de Lorraine, 2L2S, France<\/li>\n\n\n\n<li>Kern, Dominique, Professeur des Universit\u00e9s, Universit\u00e9 de Haute Alsace, Laboratoire Interuniversitaire des Sciences de l&#8217;\u00c9ducation et de la Communication, France<\/li>\n\n\n\n<li>Kornfeld, Rosita, Retrait\u00e9e et consultante, Universit\u00e9 Catholique du Chili, Universit\u00e9 Catholique du Chili, &nbsp;, Chili<\/li>\n\n\n\n<li>Kushtanina, Veronika, Ma\u00eetre de conf\u00e9rences, Universit\u00e9 de Franche-Comt\u00e9, LASA, France<\/li>\n\n\n\n<li>Labit, Anne, Ma\u00eetre de conf\u00e9rence en sociologie, IUT de l&#8217;Indre\/Universit\u00e9 d&#8217;Orl\u00e9ans UMR CITERES\/Universit\u00e9 de Tours, France<\/li>\n\n\n\n<li>Labidi, Lassaad, Professeur de l&#8217;enseignement sup\u00e9rieur, Universit\u00e9 de Carthage, Institut National du Travail et des \u00c9tudes Sociales, Tunisie<\/li>\n\n\n\n<li>Le Borgne Uguen, Fran\u00e7oise, Professeure de sociologie, Universit\u00e9 de Brest, Labers, France<\/li>\n\n\n\n<li>Leleu, Myriam, Ma\u00eetre-assistante, Enseignante-chercheure, Haute \u00c9cole Louvain en Hainaut, Belgique<\/li>\n\n\n\n<li>Levilain, Herv\u00e9, Professeur de sociologie, Universit\u00e9 de Lorraine, 2L2S, France<\/li>\n\n\n\n<li>Lord, S\u00e9bastien, Professeur d\u2019am\u00e9nagement, Directeur de l\u2019Observatoire Ivanho\u00e9 Cambridge, Pr\u00e9sident du REIACTIS, Universit\u00e9 de Montr\u00e9al<\/li>\n\n\n\n<li>Lucas, Barbara, Professeure ordinaire, HES Haute \u00e9cole de travail social, HES-SO Gen\u00e8ve, Suisse<\/li>\n\n\n\n<li>Macia, Enguerran, Directeur de Recherche, CNRS, ADES, France<\/li>\n\n\n\n<li>Marchal, Herv\u00e9, Professeur de sociologie, Universit\u00e9 de Bourgogne, Laboratoire interdisciplinaire de recherche Soci\u00e9t\u00e9s, sensibilit\u00e9s et soins, France<\/li>\n\n\n\n<li>Marcilhac, Anne, Maitre de conf\u00e9rences HDR, Directrice de l&#8217;ITEV, \u00c9cole Pratique des Hautes \u00c9tudes, France<\/li>\n\n\n\n<li>Mascova, Elena, Sociologue, responsable de projets, Initiatives et Recherches sur le Travail d&#8217;Emancipation (IRTEM), France<\/li>\n\n\n\n<li>Meidani, Anastasia, Ma\u00eetre de conf\u00e9rences HDR, Universit\u00e9 Toulouse-Jean Jaur\u00e8s, GESTES, France, Gr\u00e8ce<\/li>\n\n\n\n<li>Morales, Yves, Maitre de conf\u00e9rences HDR, Universit\u00e9 de Toulouse, CRESCO , France<\/li>\n\n\n\n<li>Moulin, Pierre, Ma\u00eetre de conf\u00e9rences en psychologie sociale, Universit\u00e9 de Lorraine, CREN, Centre de recherche sur les m\u00e9diations, France<\/li>\n\n\n\n<li>Negron, Paula, Professeure agr\u00e9g\u00e9e, Universit\u00e9 de Montr\u00e9al, Canada<\/li>\n\n\n\n<li>Ngatcha Ribert, La\u00ebtitia, Chercheure associ\u00e9e, Universit\u00e9 le Have Normandie, IDEES, France<\/li>\n\n\n\n<li>Ogg, Jim, Chercheur associ\u00e9 \u00e0 l&#8217;unit\u00e9 de recherche sur le vieillissement, CNAV, Grand Bretagne<\/li>\n\n\n\n<li>Oris, Michel, Professeur, Conseil Sup\u00e9rieur Espagnol de la Recherche Scientifique, Universit\u00e9 de Gen\u00e8ve, Laboratoire de d\u00e9mographie et d&#8217;\u00e9tudes familiales, Belgique<\/li>\n\n\n\n<li>Paris, Mario, Professeur, travail social, Universit\u00e9 de Moncton, Canada<\/li>\n\n\n\n<li>Perez Salanova, Merc\u00e8, Docteure en psychologie, Universitat Aut\u00f2noma de Barcelona, Espagne<\/li>\n\n\n\n<li>Perret-Guillaume, Christine, Professeur des universit\u00e9s-praticien hospitalie (g\u00e9riatrie), CHRU Nancy, France<\/li>\n\n\n\n<li>Perrin, Claire, Professeure des universit\u00e9s, Universit\u00e9 Claude Bernard Lyon 1, Laboratoire sur les Vuln\u00e9rabilit\u00e9s et l&#8217;Innovation dans le Sport, France<\/li>\n\n\n\n<li>Pihet, Christian, Professeur \u00e9m\u00e9rite de G\u00e9ographie, Universit\u00e9 d&#8217;Angers, Laboratoire de g\u00e9ographie humaine, France<\/li>\n\n\n\n<li>Polesi, Herv\u00e9, Ma\u00eetre de conf\u00e9rences associ\u00e9, Universit\u00e9 de Strasbourg, France<\/li>\n\n\n\n<li>Pott, Murielle, Professeure HES ordinaire, Haute Ecole de Sant\u00e9 Vaud (HESAV), HES-SO, Lausanne, Suisse<\/li>\n\n\n\n<li>Pouchadon, Marie-Laure, Ma\u00eetre de conf\u00e9rences en sociologie, Universit\u00e9 Bordeaux-Montaigne, IUT Bordeaux-Montaigne, Laboratoire Passages, France<\/li>\n\n\n\n<li>Prieto Lobato, Juan Maria, Professeur, Universit\u00e9 de Valladolid, Espagne<\/li>\n\n\n\n<li>R\u00e9millard-Boilard, Samu\u00e8le, Professeure adjointe, Universit\u00e9 de Sherbrooke, Canada<\/li>\n\n\n\n<li>Rochot, Justine, Docteure en sociologie, Centre d&#8217;\u00c9tude sur la Chine Moderne et Contemporaine (Hong Kong), France<\/li>\n\n\n\n<li>Rodr\u00edguez Sumaza, Carmen, Senior Lecturer, Universit\u00e9 de Valladolid, Espagne<\/li>\n\n\n\n<li>Rouamba, George, Enseignant-chercheur, Universit\u00e9 Joseph Ki Zerbo, Les Afriques dans le monde, Burkina Faso<\/li>\n\n\n\n<li>Roulet Schwab, Delphine, Professeure ordinaire, Haute \u00c9cole de la Sant\u00e9 La Source, Haute \u00c9cole Sp\u00e9cialis\u00e9e de Suisse occidentale, Suisse<\/li>\n\n\n\n<li>Sajoux, Muriel, Ma\u00eetre de Conf\u00e9rences en Sciences \u00c9conomiques, Universit\u00e9 de Tours, CITERES (CIt\u00e9s TERritoires Environnement et Soci\u00e9t\u00e9s), France<\/li>\n\n\n\n<li>Scheider-Yilmaz, Marion, Docteure en sociologie, Universit\u00e9 Grenoble-Alpes, Laboratoire PACTE, France<\/li>\n\n\n\n<li>Serfaty-Garzon, Perla, Ma\u00eetre de Conf\u00e9rences, Universit\u00e9 de Strasbourg, Facult\u00e9 de psychologie, France<\/li>\n\n\n\n<li>Simzac, Anne-B\u00e9r\u00e9nice, Docteure en sociologie, Responsable p\u00f4le recherche Generacio, France<\/li>\n\n\n\n<li>Spini, Dario, Professeur ordinaire, Universit\u00e9 de Lausanne, Institut de psychologie, Centre LIVES, Suisse<\/li>\n\n\n\n<li>Trouv\u00e9, H\u00e9l\u00e8ne, Docteure en \u00e9conomie, Cheffe de projet, URV, Direction statistiques, prospective et recherche, CNAV, France<\/li>\n\n\n\n<li>Van de Velde, C\u00e9cile, Professeure de sociologie, Universit\u00e9 de Montr\u00e9al, Chaire de recherche du Canada sur les in\u00e9galit\u00e9s sociales et les parcours de vie, Canada<\/li>\n\n\n\n<li>Vanneste, Damien, Enseignant-chercheur en sociologie, Universit\u00e9 catholique de Lille, HAD\u00e9PaS\/ETHICS, France Viriot Durandal, Jean-Philippe, Professeur en sociologie, Titulaire de la Chaire internationale SIAGE, Universit\u00e9 de Lorraine, 2L2S-Metz, France<\/li>\n<\/ul>\n\n\n\n<p><\/p>\n\n\n\n<h2 class=\"wp-block-heading\"><a href=\"https:\/\/maps.app.goo.gl\/rBnwbANYY4hEAvZC8\">Ubicaci\u00f3n del evento<\/a><\/h2>\n\n\n\n<p>Pavillon Jean Brillant &#8211; Universit\u00e9 de Montr\u00e9al<\/p>\n\n\n\n<p>3200 Rue Jean-Brillant<\/p>\n\n\n\n<p>Montr\u00e9al, QC H3T 1N8<\/p>\n\n\n\n<hr class=\"wp-block-separator has-alpha-channel-opacity\"\/>\n\n\n\n<p>Si desea m\u00e1s informaci\u00f3n, p\u00f3ngase en contacto con nosotros: <a href=\"mailto:montreal2024@reiactis.net\">montreal2024@reiactis.net<\/a><\/p>\n","protected":false},"excerpt":{"rendered":"<p>Envejecer en pluralidad&nbsp; Vivir y envejecer en 2023 significa vivir y envejecer en un mundo complejo e interconectado en donde el lugar que ocupan las personas mayores constituye un reto social, territorial e individual. La pandemia de COVID-19 ilustr\u00f3 hasta qu\u00e9 punto, a pesar de la l\u00f3gica de interconexi\u00f3n global y multiescalar, el mundo contempor\u00e1neo<a class=\"excerpt-read-more\" href=\"https:\/\/montreal2024.reiactis.net\/es\/convocatoria-a-contribuciones\/\" title=\"ReadConvocatoria a contribuciones\">&#8230; Read more &raquo;<\/a><\/p>\n","protected":false},"author":1,"featured_media":0,"parent":0,"menu_order":4,"comment_status":"closed","ping_status":"closed","template":"template-appel-a-communications.php","meta":{"_acf_changed":false,"footnotes":""},"class_list":["post-135","page","type-page","status-publish","hentry"],"acf":[],"jetpack_sharing_enabled":true,"_links":{"self":[{"href":"https:\/\/montreal2024.reiactis.net\/es\/wp-json\/wp\/v2\/pages\/135","targetHints":{"allow":["GET"]}}],"collection":[{"href":"https:\/\/montreal2024.reiactis.net\/es\/wp-json\/wp\/v2\/pages"}],"about":[{"href":"https:\/\/montreal2024.reiactis.net\/es\/wp-json\/wp\/v2\/types\/page"}],"author":[{"embeddable":true,"href":"https:\/\/montreal2024.reiactis.net\/es\/wp-json\/wp\/v2\/users\/1"}],"replies":[{"embeddable":true,"href":"https:\/\/montreal2024.reiactis.net\/es\/wp-json\/wp\/v2\/comments?post=135"}],"version-history":[{"count":7,"href":"https:\/\/montreal2024.reiactis.net\/es\/wp-json\/wp\/v2\/pages\/135\/revisions"}],"predecessor-version":[{"id":2688,"href":"https:\/\/montreal2024.reiactis.net\/es\/wp-json\/wp\/v2\/pages\/135\/revisions\/2688"}],"wp:attachment":[{"href":"https:\/\/montreal2024.reiactis.net\/es\/wp-json\/wp\/v2\/media?parent=135"}],"curies":[{"name":"wp","href":"https:\/\/api.w.org\/{rel}","templated":true}]}}