{"id":120,"date":"2023-07-20T11:57:00","date_gmt":"2023-07-20T15:57:00","guid":{"rendered":"https:\/\/montreal2024.reiactis.net\/?page_id=120"},"modified":"2024-04-25T15:26:06","modified_gmt":"2024-04-25T19:26:06","slug":"call-for-papers","status":"publish","type":"page","link":"https:\/\/montreal2024.reiactis.net\/en\/call-for-papers\/","title":{"rendered":"7th REIACTIS Montreal Conference"},"content":{"rendered":"\n<h2 class=\"wp-block-heading\">Aging in Plural Ways<\/h2>\n\n\n\n<p>Living and ageing in 2023 means living and ageing in a complex, interconnected world in which the place of the elderly is a societal, geographic and individual challenge. The COVID-19 pandemic illustrated the extent to which, despite the logic of globalized and multiscalar interconnection, the contemporary world remains marked by numerous divisions, fractures, and tensions in its approach to aging and respect for the rights of the elderly.<\/p>\n\n\n\n<p>However, as early as 2019, the United Nations (UN) reminded us in &#8220;World Population Prospects 2019&#8221; that ageing populations represent one of the major transformations of 21st century societies, alongside climate change, and are therefore a political priority. Faced with these challenges, the human and social sciences are constantly highlighting the diversity at the very heart and in the framing of ageing. In a world of multiple scales, varied and variable contexts, and diverse environments, living and aging in the plural refers to diverse life trajectories and evolving living spaces and places, whether social, like the family and the &#8220;home&#8221;, or physical, made up of the materiality of homes, neighborhoods, and cities. In this respect, it is important to pay close attention to the mechanisms and frameworks of municipal, regional, national, and international public policies.<\/p>\n\n\n\n<p>On the one hand, the plurality of aging experiences and trajectories remains to be explored (Lord, Pich\u00e9, 2018). Research on aging is increasingly focusing on issues associated with the diversity and quality of life experiences, satisfaction and well-being, analyzing not only the interrelationships between the major determinants of health, but also the different material, social, and cultural living conditions. The presence of various inequalities or inequities at the heart of these issues needs to be examined, considering the individual and collective pathways observed.<\/p>\n\n\n\n<h3 class=\"wp-block-heading\">In this context, considering the plurality of trajectories of advancing age implies a revisiting of challenges around recognition affecting seniors, as well as the arrangement of circumstances and time, both and collective and personal, in relation to social ties and the power to act.<\/h3>\n\n\n\n<p>This invites us to critically explore the effects on the individual or resources of public policies when they address aging following the example of &#8220;Age-Friendly Cities and Communities&#8221; (Buffel et al., 2018; Moulaert, Garon, 2016) or support the quest for an &#8220;inclusive society&#8221; (Ngatcha-Ribert et al., 2022). Particular attention will be given to the individual and collective power of diverse collectives of retired people and seniors, in line with the many reflections undertaken by REIACTIS since 2007; whether it be collective action (Viriot-Durandal, 2012; Viriot Durandal et al., 2015), or more meso- and micro-sociological (Buffel et al., 2018; Ngatcha-Ribert et al., 2022), or in a specific geographic anchorage (Scheider et al., 2017; Moulaert et al., 2018).<\/p>\n\n\n\n<p>On the other hand, the symposium will contribute to reflection on the diversity of environments and geographic regions in the face of ageing. For some researchers in the humanities and social sciences, the liberalization of goods and services, the weakening of the state&#8217;s regulatory power over players in the fields of aging and health, and the development of consumerism more broadly, should now lead research communities, citizens, and public decision-makers to rethink the question of the commons and the scope of intervention of the public sector or autonomous groups in structuring responses to the diversity of needs with advancing age. The translation of these dynamics (Davis, 2013; Hall, 2017) would produce direct time-optimizing and gain-maximizing effects in both private and public governance structures, as well as within geographic regions (Chouraqui, 2020).<\/p>\n\n\n\n<p>Whether this plurality concerns individual and collective trajectories or those of geographic regions, the influence of public policies on such factors also deserves to be considered. The 7<sup>th<\/sup>&nbsp;International Conference invites us to question public policy frames of reference, and in particular the effects of new public management (e.g. \u201c\u00e0 la carte\u201d projects, \u201crenewable budgets\u201d, \u201ccompetition\u201d between different sectors and players) with respect to the plurality of needs and expectations of older people in fields as varied as housing, social services, health, or social, economic, and civic inclusion. Finally, the plurality of our world is not only reflected at the level of trajectories of aging or in terms of environments and geographies; today, we live in a set of temporalities that are constantly intertwining to form a world that is accelerating (Rosa, 2010).<\/p>\n\n\n\n<h3 class=\"wp-block-heading\">Do these plural contexts and trajectories of aging, set in accelerated and partly uncertain rhythms of life, imply greater potential risks of inequality in old age?<\/h3>\n\n\n\n<p>Thus, &#8220;aging in the plural&#8221; means advancing in age in a more uncertain world, with multiple rhythms and under the principle of acceleration of time; it means living in environments and territories that vary and are variable according to a great diversity of factors and scales; it means experiencing a diversity of forms and individual trajectories of aging. Faced with this threefold plurality of aging, the 7th International REIACTIS Conference invites researchers in the humanities and social sciences to present their work on these themes and to discuss how their methodologies are impacted by these changes. To continue the dialogue and exchanges that have animated REIACTIS&#8217; work for over 17 years on the relationship between academic and experiential knowledge, REIACTIS is also inviting political decision-makers, intervention professionals, and citizens to discuss these plural forms of aging.<\/p>\n\n\n\n<p>To address and consider the plurality of ageing, a cross-cutting theme and three thematic entries are proposed.&nbsp;<strong>Papers and workshops must be registered in one of these 4 options. A maximum of 3 papers may be submitted as first authors.<\/strong><\/p>\n\n\n\n<ul class=\"wp-block-list\">\n<li><a href=\"#cross-sectional-theme\">Cross-sectional theme: Coping with time and change.<\/a><\/li>\n\n\n\n<li><a href=\"#theme1\">Theme 1: Situating oneself between continuity, bifurcation and reversibility.<\/a><\/li>\n\n\n\n<li><a href=\"#theme2\">Theme 2: Taking part in changes in living environments.<\/a><\/li>\n\n\n\n<li><a href=\"#theme3\">Theme 3: Involving stakeholders in social and spatial transformations.<\/a><\/li>\n<\/ul>\n\n\n\n<h2 class=\"wp-block-heading\" id=\"cross-sectional-theme\">Cross-sectional theme: Coping with times and changes<\/h2>\n\n\n\n<p>Over the last few decades, research on advancing age has focused on the characteristics of aging, the effects of context and living environments, as well as the injunctions that frame it, whether described as &#8220;successful&#8221;, &#8220;healthy&#8221;, &#8220;productive&#8221; or &#8220;active&#8221; (Moulaert, Viriot-Durandal, 2013). Yet scientific literature tends to highlight plural, even hybridized forms of aging. This diversity of contexts goes far beyond the consideration of certain socio-economic or territorial characteristics, and calls for equally pluralistic approaches, conceptions and, interventions. Of course, public, association, or private initiatives, policies, and programs can put forward broad visions or conceptions of aging. However, they can also be based on a generic consideration of the &#8220;elderly person&#8221;.<\/p>\n\n\n\n<h3 class=\"wp-block-heading\">It is thus both the meanings and the difficult operationalization of the society or city &#8220;for all&#8221; that we feel it is relevant to question. What about aging trajectories that break away from a linear model, or diverge from a path of aging that is standardized or favored by different forces?<\/h3>\n\n\n\n<p>The approach of a trajectory of aging enables us to address the issue from several angles, disciplines, and scales (individual, social, geographic, or societal). Trajectories involve a variety of mobilities, whether daily, residential or social, and imply psychosocial and physical changes in the experience of aging. While, on the one hand, older people are empowered to cope with these changes, on the other hand, they can pose risks of exclusion, social isolation, and dependency if they do not, or only partially, master them. The concept of \u201cd\u00e9prise\u201d (in French), for example, can help to better grasp of these phases within aging by questioning seniors&#8217; pathways based on different bifurcations or transitions (Cl\u00e9ment, Montovani, 1999; Cl\u00e9ment et al., 2018; Caradec, 2001, 2004; Meidani, Cavalli 2019).<\/p>\n\n\n\n<p>Research has been prolific in highlighting the complexity of multiple processes at the level of geographic regions and societies that shape experiences of non-recognition of older people (e.g. civic and spatial representativeness), deprivation or non-recourse to the law (e.g. immigrants, deprived groups, abuse), social and spatial isolation (e.g. food or pharmaceutical desert, car dependency) (Bezzirgani, Lachapelle, 2020; Pedzirgani, Lachapelle, 2020). Bezzirgani, Lachapelle, 2020; Pednekar, Peterson, 2018; Negron-Poblete, S\u00e9guin, 2018) or accessibility to resources for certain profiles (e.g. disabilities, old age). Furthermore, while regional, social and societal changes, as well as individual trajectories, show that inequalities can be long-lasting, they can also be temporary or one-off. For example, seniors may be confronted with incapacitating situations or environments, yet not be deprived of their space for self-determination (Fougeyrollas, Boucher, Charrier, 2016).<\/p>\n\n\n\n<h3 class=\"wp-block-heading\">What do we know about the dynamic processes that lead older people into or out of a situation of exclusion? In addition to better defining aging trajectories themselves and their scope in a context of change, it seems relevant to distinguish the cumulative effects of different inequalities and the bifurcations they may or may not provoke in an individual and collective trajectory.<\/h3>\n\n\n\n<p>Faced with the recomposition of time, a theoretical approach in terms of recognition (Fraser, 2005; Honneth, 2005) makes it possible to think from an inclusive perspective, where older people have the status of valued partners in their own rights in social interactions, regardless of belonging or prescribed identity factors. Recognition comes from the emotional bonds between individuals and groups, from rights within the societal sphere, and from solidarity in sharing and support.&nbsp;<\/p>\n\n\n\n<h3 class=\"wp-block-heading\">Does taking into account the trajectories of seniors projected into a changing society and territories change these perspectives of inclusion and recognition?<\/h3>\n\n\n\n<p>We are thinking here of various notions associated with these perspectives, such as respect for individuals and their groups, social and territorial justice, the social value of people, access to geographic regions and their resources, or gratitude towards people regardless of their situation and social position. In addition to this cross-cutting theme, which focuses on the logics and mechanisms at work in trajectories of aging, and which may enable us to question theories, concepts, methods, and epistemologies associated with change, three thematic axes may be explored by presenters.<\/p>\n\n\n\n<h2 class=\"wp-block-heading\" id=\"theme1\">Theme 1: Situating oneself between continuity, bifurcation and reversibility<\/h2>\n\n\n\n<p>A number of recent studies have focused on the recognition of different groups or profiles of seniors. Often limited to a cross-sectional perspective based on age, and perhaps longitudinal in some cases, this research still places little emphasis on the notion of trajectories of aging as a dynamic reality. Perspectives that fail to take biographical variability into account tend to obscure differential social positioning or regional conditions. Although there is a popular saying that \u201cyou age as you&#8217;ve lived\u201d, life-course theory shows that individual trajectories are not linear, but made up of possibilities for bifurcation and reversibility, as well as evolving arrangements of roles, statuses and identities (individual and collective). This perspective invites debate on the forms of exclusion generated by societies and territories in a state of accelerated movement and change.<\/p>\n\n\n\n<p>Under Theme 1, we are looking for contributions on the study of interactions between individual biographies and public or associative and community action mechanisms that aim to support the social inclusion of seniors in contexts of change.&nbsp;<\/p>\n\n\n\n<h3 class=\"wp-block-heading\">The idea of revisiting and adapting policies and supports to the changing contexts across geographic regions appears essential. Simultaneously, what are the needs for innovation that should or could encourage the evolution of existing programs, policies and ways of doing things? Do we need to rethink our approaches to aging, our research and analysis methods, and our intervention tools for people and regions, to take account of changes and life-course trajectories where change is inevitable?&nbsp;<\/h3>\n\n\n\n<p>In this respect, certain trajectories can lead seniors to specialized housing (residences designed for aging populations), when they are pushed out of the market due to lack of availability or choice, leading to further moves later on. Other trajectories can lead to staying at home, despite a situation that is objectively problematic from the point of view of safety or autonomy.<\/p>\n\n\n\n<h3 class=\"wp-block-heading\">Are seniors&#8217; choices to stay in or move out of their homes free and informed? How are these choices made? Are seniors\u2019 choices respected, or are attempts made to influence them? Which players can support them in making or updating these choices in a world of rapid adaptation, change, and shortages of support, resources, and housing?<\/h3>\n\n\n\n<p>Likewise, we are looking for proposals for papers that will enable us to question the way in which individuals feel &#8220;included&#8221; and &#8220;citizens&#8221; in their own right in a society with short timeframes and fragmented actions.<\/p>\n\n\n\n<p>Finally, this theme can also invite proposals with a more theoretical and general scope, for example around a questioning of the &#8220;liquid society&#8221; (Beilharz, 2018). A liquid world implies a good capacity for individual and collective adaptation, and not simply the accumulation of solid capital (economic, financial, real estate). These frameworks complement and may even oppose the &#8220;social classes&#8221; approach as the main analytical benchmark and conceptual\/political tool in the fight against injustice, by complicating the analysis of these processes at work. In a changing world, the accumulation of solid capital no longer necessarily refers to a notion of security and investment. On the contrary, liquidity leads to heterogeneity even within a group of individuals sharing common characteristics, as observed with different individual and social configurations regarding lifestyle arrangements (e.g. Kaufmann and Ravalet, 2019; Lord et al., 2015).<\/p>\n\n\n\n<p>This perspective calls for the notions of inclusion and exclusion to be put back into perspective, and even surpassed. Exclusion can be relative, partial or multiple, depending on roles and status. The perspective of changes and aging trajectories also shows that exclusion can be temporary and reversible.<\/p>\n\n\n\n<h2 class=\"wp-block-heading\" id=\"theme2\">Theme 2: Taking part in changing living environments<\/h2>\n\n\n\n<p>Theme 2 includes several dimensions, both stable and changing, that relate to the spatial environment. People, like geographies, evolve. The morphology of living environments (buildings, urban forms) is highly permanent, while populations change much more rapidly. However, functional configurations (services, resources, etc.) are much more flexible and evolving, being part of the private, community, or public sphere, while also being dependent on the economy and demographics. Lastly, changes in living environments can be political. For example, in terms of citizen representation or the implementation of age-friendly programs such as the Age-Friendly Cities (AFC) program. These changes in living environments can lead to configurations that are more or less favorable to trajectories of aging.&nbsp;<\/p>\n\n\n\n<h3 class=\"wp-block-heading\">How do these changes relate to territories? Do difficulties in grasping the changing nature of living environments pose additional obstacles to the implementation of interventions such as AFC?&nbsp;<\/h3>\n\n\n\n<p>We are looking for communication proposals that reflect the dynamic nature of living environments. In our questioning, the concept of a neighborhood emerges as a privileged notion to question the evolution of links and solidarity between people, neighbors, inhabitants, citizens, etc. A number of studies, including those by Golant (2003, 2014) and Nowick and Thalineau (2014), highlight the positive, yet relative, nature of aging in place. Some would also propose a &#8220;romanticization&#8221; of the home in the discourse of aging in place. An older person, aspiring to age in place in order to retain the dimensions of home, continuity and stability, will inevitably be called upon to transform a large part of his or her lifestyle, with mobility, social contacts and temporalities, among other things, being the object of the major adaptations required (Lord and Luxembourg, 2005; Lord, 2012; Despr\u00e9s 2021).&nbsp;<\/p>\n\n\n\n<h3 class=\"wp-block-heading\">In these often unconscious and implicit changes, what are the most sensitive tactics, strategies and levers of adaptation? What would you have to give up (or conversely, rely heavily on) to keep your home, and what would be left of it after such changes?&nbsp;<\/h3>\n\n\n\n<p>The results of decisions to \u201cstay\u201d or \u201cleave\u201d the home can differ greatly in many directions and take several years to develop, while adaptation can be much quicker for others.&nbsp;<\/p>\n\n\n\n<h3 class=\"wp-block-heading\">How can we respond to the different trajectories of different players and regions? How can we avoid \u201cnostalgic\u201d visions that may influence interventions in living environments? How can we support the \u201chelped\u201d as well as the \u201ccaregiver\u201d in changing adaptation conditions (operational, financial, psychological or relational)? What are the promises of living environments conceived as adaptive and evolving?<\/h3>\n\n\n\n<h2 class=\"wp-block-heading\" id=\"theme3\">Theme 3: Involving players in social and spatial transformations<\/h2>\n\n\n\n<p>Theme 3 focuses on the role of seniors in responding to the changes they are not only experiencing but can also bring about.&nbsp;<\/p>\n\n\n\n<h3 class=\"wp-block-heading\">Given the current focus on participatory research and intervention approaches aimed at inclusion and mobilizing people\u2019s power to act, how can we better engage seniors and their social networks, without reinforcing processes of normalization or instrumentalizing participation? What methods or tools should be chosen from the constellation of approaches available?&nbsp;<\/h3>\n\n\n\n<p>If participation can enable people to see their political rights updated, it invites us to think about the willingness and ability of seniors to play an active, even contentious, role in the evolution of their lives. Social inclusion is a complex process that recognizes the possibilities and diversity of individual and collective modes of participation. The difficulty lies in positioning each individual in his or her different roles and status. Involvement with local associations, the development of local diagnostic tools, in-home support, and local travel are all examples of participation that are valued scientifically, socially and professionally.<\/p>\n\n\n\n<h3 class=\"wp-block-heading\">Taking part in action and in changing living environments cannot happen without the recognition and redistribution of concrete and symbolic resources, nor without taking rights and powers into account.<\/h3>\n\n\n\n<p>We are looking for critical contributions that shed light on the place seniors wish to or currently occupy in these participatory, collaborative, creative or other schemes, as well as on the spin-offs of their involvement in civic, community, and political action where living environments are concerned, notably through the production or adaptation of housing and habitats, intergenerational places of collective use, and inclusive public spaces.<\/p>\n\n\n\n<p>A number of issues concern ways of giving seniors access to powers and resources (income, government transfers, public, community and private care and services, etc.) so that they can play a genuine part in decisions and interventions in their living environments. The possible areas of participation are highly diversified and often fragmented along disciplinary or administrative lines, and on several spatial scales. The rapid expansion of AFC interventions in Quebec, as well as across the French-speaking world and beyond, clearly demonstrates the complexity of acting together for the well-being of seniors, a more inclusive society and a better way of living together. Several areas of action are concerned by the invisibility of profiles or groups of seniors on the territory.<\/p>\n\n\n\n<p>This includes, but is not limited to, our desire to draw attention to the contexts and processes leading to the mistreatment of seniors and their loved ones, as well as to the development of public policies and intervention programs within living environments or at the end of life.&nbsp;<\/p>\n\n\n\n<h3 class=\"wp-block-heading\">The place of seniors in decision-making on regional management and planning is also an important subject of interest, particularly in contexts of instability and short timeframes in regional management processes.<\/h3>\n\n\n\n<p>The evolution, adaptation, and creation of innovative real estate projects and a range of adapted residential and transport options, as well as the ways in which they are managed by different types of players, are other issues we wish to explore.<\/p>\n\n\n\n<h2 class=\"wp-block-heading\">Invited audiences and contributions&nbsp;<\/h2>\n\n\n\n<p>The 7th International Conference of REIACTIS in Montreal is intended to be a meeting place for different types of knowledge and action on aging. On the one hand, we expect contributions from&nbsp;<strong>scientific researchers<\/strong>from research groups and networks in the world of research (university, academic, or extra-academic). Proposals from up-and-coming scientists are also strongly encouraged. On the other hand, the Conference&#8217;s organizing committee also wishes to address the&nbsp;<strong>ecosystem of intervention (professional, associative, community)<\/strong>&nbsp;with seniors, as well as the territories they inhabit, the spaces and organizations in which they participate, the services they consume or request, and the care and programs intended for them. This invitation includes&nbsp;<strong>associative or community stakeholders<\/strong>, or&nbsp;<strong>any organization working<\/strong>&nbsp;in the field of social, community and territorial innovation and intervention. Finally, papers from&nbsp;<strong>organizations, institutions or other groups (food, health, architecture, urban planning, development, transport, other), including creative and design firms or agencies (objects, furnishings, housing, buildings, public spaces)<\/strong>&nbsp;for which ageing is an issue for reflection or action, are also eagerly awaited.<\/p>\n\n\n\n<p>Proposals for papers must be submitted on the 7th international REIACTIS Conference website between&nbsp;<strong>August 30th and October 10th, 2023<\/strong>. Proposals are expected from:<\/p>\n\n\n\n<p>1) Scientific field<\/p>\n\n\n\n<ul class=\"wp-block-list\">\n<li><strong>Individual paper<\/strong>&nbsp;(maximum 5,000 characters, including spaces).<\/li>\n\n\n\n<li><strong>Symposium<\/strong>&nbsp;(5,000 characters maximum, including spaces) with abstracts from all speakers (3,000 characters maximum, include&nbsp;&nbsp;&nbsp;&nbsp;&nbsp;&nbsp;&nbsp;&nbsp;&nbsp;&nbsp;&nbsp;ing spaces).<\/li>\n\n\n\n<li><strong>Poster<\/strong>&nbsp;(scientific project, final or provisional research results, presentation of methods, etc.) (maximum 5,000 characters, including spaces).<\/li>\n<\/ul>\n\n\n\n<p>2) Intervention field<\/p>\n\n\n\n<ul class=\"wp-block-list\">\n<li><strong>Panel<\/strong>&nbsp;(3 to 5 speakers maximum) (6,000 characters maximum, including spaces). A round table is a meeting proposed by a sponsor, bringing together researchers and non-researchers to discuss a given theme<\/li>\n\n\n\n<li><strong>Presentation of a local project, study or initiative<\/strong>&nbsp;(5,000 maximum, including spaces).<\/li>\n\n\n\n<li><strong>Poster<\/strong>&nbsp;(professional, association, community or other projects) (maximum 5,000 characters, including spaces).<\/li>\n<\/ul>\n\n\n\n<h2 class=\"wp-block-heading\">Important Dates<\/h2>\n\n\n\n<figure class=\"wp-block-table\"><table><tbody><tr><td>Submission of proposals<\/td><td><strong>August 30th to November 1st, 2023<\/strong><\/td><\/tr><tr><td>Evaluation of communications<\/td><td><strong>October to November 2023<\/strong><\/td><\/tr><tr><td>Feedback to authors<\/td><td><strong>From November 2023<\/strong><\/td><\/tr><tr><td>Pre-programme<\/td><td><strong>January 2024<\/strong><\/td><\/tr><tr><td>Final program<\/td><td><strong>March 2024<\/strong><\/td><\/tr><tr><td>Montreal Conference<\/td><td><strong>June 4th to 6th, 2024<\/strong><\/td><\/tr><\/tbody><\/table><\/figure>\n\n\n\n<p>For further information, please contact us: <a href=\"mailto:montreal2024@reiactis.net\">montreal2024@reiactis.net<\/a><\/p>\n\n\n\n<h2 class=\"wp-block-heading\">References<\/h2>\n\n\n\n<p>Beilharz P (2018) The legacy of Zygmunt Bauman.&nbsp;<em>Journal of Sociology<\/em>&nbsp;54(3)&nbsp;: 294-299.<\/p>\n\n\n\n<p>Bezirgani A, Lachapelle U (2020)&nbsp;<em>\u00c9tude sur l\u2019acc\u00e8s \u00e0 l\u2019alimentation des personnes \u00e2g\u00e9es de Montr\u00e9al et Laval : apport potentiel de l\u2019\u00e9picerie en ligne&nbsp;?<\/em>&nbsp;Montr\u00e9al&nbsp;: D\u00e9partement d\u2019\u00e9tudes urbaines et touristiques de l\u2019Universit\u00e9 du Qu\u00e9bec \u00e0 Montr\u00e9al.<\/p>\n\n\n\n<p>Bickel J-F, Hugentobler V (2018) Les multiples faces du pouvoir d\u2019agir \u00e0 l\u2019\u00e9preuve du vieillissement.&nbsp;<em>G\u00e9rontologie et soci\u00e9t\u00e9<\/em>&nbsp;40(157).<\/p>\n\n\n\n<p>Buffel T, Handler S, Phillipson C (2018)&nbsp;<em>Age-Friendly cities and communities: A global perspective<\/em>. Bristol, University Press.<\/p>\n\n\n\n<p>Caradec V (2001)&nbsp;<em>Sociologie de la vieillesse et du vieillissement<\/em>. Paris, Nathan.<\/p>\n\n\n\n<p>Caradec V (2004). Les \u00ab supports \u00bb de l\u2019individu vieillissant. Retour sur la notion de \u00ab d\u00e9prise \u00bb,&nbsp;<em>In Mat\u00e9riaux pour une sociologie de l\u2019individu<\/em>, Caradec V et Martuccelli D (dir.), Perspectives et d\u00e9bats. Villeneuve-d\u2019Ascq, Presses universitaires du Septentrion (p. 25-42).<\/p>\n\n\n\n<p>Chouraqui J (2020) Les r\u00e9formes et l\u2019\u00c9tat et la transformation des services publics : des tendances internationales au local, quels effets pour les territoires ?&nbsp;<em>Annales de g\u00e9ographie<\/em>&nbsp;2(732)&nbsp;: 5-30.<\/p>\n\n\n\n<p>Cl\u00e9ment S, Drulhe M, Mantovani J, Membrado M (2018) Gen\u00e8se de la d\u00e9prise.&nbsp;<em>G\u00e9rontologie et soci\u00e9t\u00e9<\/em>40(155)&nbsp;: 27-32.<\/p>\n\n\n\n<p>Cl\u00e9ment S, Drulhe M, Mantovani J, Membrado M (2018) Gen\u00e8se de la d\u00e9prise.&nbsp;<em>G\u00e9rontologie et soci\u00e9t\u00e9<\/em>40(155)&nbsp;: 27-32.<\/p>\n\n\n\n<p>Cl\u00e9ment S, Mantovani J (1999) Les d\u00e9prises en fin de parcours de vie.&nbsp;<em>G\u00e9rontologie et soci\u00e9t\u00e9<\/em>&nbsp;22(90)&nbsp;:&nbsp;95-108.<\/p>\n\n\n\n<p>Davis M (2013) Hurried lives: Dialectics of time and technology in liquid modernity.&nbsp;<em>Thesis Eleven<\/em>&nbsp;118(1): 7-18.<\/p>\n\n\n\n<p>Despr\u00e9s M (2021)&nbsp;<em>Vieillissement et mobilit\u00e9 quotidienne : regards crois\u00e9s sur les strat\u00e9gies de d\u00e9placements d\u2019individus vieillissants r\u00e9sidant dans les r\u00e9gions de Montr\u00e9al et Laval<\/em>. Montr\u00e9al, Universit\u00e9 de Montr\u00e9al, th\u00e8se de doctorat (Ph.D. am\u00e9nagement).&nbsp;<\/p>\n\n\n\n<p>Fougeyrollas P, Boucher N, Charrier F (2016) Un mod\u00e8le \u00e0 l\u2019\u00e9preuve du temps : le point sur le Mod\u00e8le de d\u00e9veloppement humain et du Processus de production du handicap (MDH-PPH 2).&nbsp;<em>D\u00e9ficience intellectuelle et trouble du spectre de l\u2019autisme<\/em>&nbsp;8(1)&nbsp;: 6-13.<\/p>\n\n\n\n<p>Fraser N (2005)&nbsp;<em>Qu\u2019est-ce que la justice sociale&nbsp;? Reconnaissance et distribution<\/em>.&nbsp;Paris, La D\u00e9couverte.<\/p>\n\n\n\n<p>Golant S (2014) Age-friendly communities: Are we expecting too much?&nbsp;<em>Institute for Research on Public Policy Insight<\/em>&nbsp;5: 1-20.<\/p>\n\n\n\n<p>Golant SM (2015) Residential normalcy and the enriched coping repertoires of successfully aging older adults.&nbsp;<em>Gerontologist<\/em>&nbsp;55: 70-82.<\/p>\n\n\n\n<p>Hall JR (2017) Bauman liquide. Socio 8: 57-70.<\/p>\n\n\n\n<p>Honneth A (2005) Invisibilit\u00e9&nbsp;: sur l\u2019\u00e9pist\u00e9mologie de la \u00ab&nbsp;reconnaissance&nbsp;\u00bb.&nbsp;<em>R\u00e9seaux<\/em>&nbsp;1(129\/130)&nbsp;: 39-57.<\/p>\n\n\n\n<p>Kaufmann V, Ravalet E (2019) L\u2019urbanisme par les modes de vie : outils d\u2019analyse pour un am\u00e9nagement durable. Lausanne, M\u00e9tis Presses.<\/p>\n\n\n\n<p>Lord S (2012) Vieillir dans un milieu d\u00e9di\u00e9 \u00e0 l\u2019automobile. \u00c9volution des rapports \u00e0 soi et \u00e0 l\u2019autre dans l\u2019exp\u00e9rience de la mobilit\u00e9 quotidienne,&nbsp;<em>In Les d\u00e9fis territoriaux face au vieillissement<\/em>, Viriot-Durandal J-P, Pihet C, Chapon PM (dir.), Paris, La Documentation fran\u00e7aise (31-46).<\/p>\n\n\n\n<p>Lord S, Negron-Poblete P, Torres J (dir.)&nbsp;(2015)&nbsp;<em>Mobilit\u00e9 et inclusion, quelles relations ?<\/em>&nbsp;Qu\u00e9bec, Collection \u00e9tudes urbaines, Presses de l\u2019Universit\u00e9 Laval.<\/p>\n\n\n\n<p>Lord S, Pich\u00e9 D (2018)&nbsp;<em>Vieillissement et am\u00e9nagement. Perspectives plurielles<\/em>. Montr\u00e9al, Presses de l\u2019Universit\u00e9 de Montr\u00e9al.<\/p>\n\n\n\n<p>Meidani A, Cavalli S (2019)&nbsp;<em>Figures du vieillir et formes de d\u00e9prise<\/em>. Paris, \u00c9r\u00e8s, coll. L\u2019\u00e2ge et la vie \u2013 Prendre soin des personnes \u00e2g\u00e9es et des autres.<\/p>\n\n\n\n<p>Moulaert T, Garon S (2016)&nbsp;<em>Age-Friendly Cities and Communities in International Comparison. Political Lessons, Scientific Avenues, and Democratic Issues<\/em>.&nbsp;New-York, Springer.<\/p>\n\n\n\n<p>Moulaert T, Scheider M, Viriot-Durandal J-P (dir.) (2018) Vieillissement et territoires. D\u00e9fis d\u00e9mographiques, enjeux d\u00e9mocratiques (2).&nbsp;<em>Retraite et soci\u00e9t\u00e9<\/em>&nbsp;(79)<\/p>\n\n\n\n<p>Moulaert T, Viriot-Durandal J-P (2013) Le \u00ab&nbsp;vieillissement actif&nbsp;\u00bb sur la sc\u00e8ne internationale&nbsp;: Perspectives m\u00e9thodologiques pour l\u2019\u00e9tude d\u2019un r\u00e9f\u00e9rentiel polymorphe.&nbsp;<em>Les politiques sociales<\/em>&nbsp;1(1-2)&nbsp;: 10-21.<\/p>\n\n\n\n<p>Negron-Poblete P, S\u00e9guin A-M (2018) L\u2019usage g\u00e9n\u00e9ralis\u00e9 de l\u2019automobile chez les personnes \u00e2g\u00e9es&nbsp;: choix ou contrainte&nbsp;?&nbsp;<em>In Les vieillissements sous la loupe. Entre mythes et r\u00e9alit\u00e9s<\/em>, Billette V, Marier P, A-M S\u00e9guin (Dir.). Qu\u00e9bec&nbsp;: Les Presses de l\u2019Universit\u00e9 Laval (85-93).<\/p>\n\n\n\n<p>Ngatcha-Ribert L, Simzac A-B, Moulaert T (2022) Soci\u00e9t\u00e9 inclusive et vieillissement&nbsp;: discours, pratiques et controverses.&nbsp;<em>G\u00e9rontologie et soci\u00e9t\u00e9<\/em>&nbsp;44(167)&nbsp;: 11-21.<\/p>\n\n\n\n<p>Ngatcha-Ribert L, Simzac A-B, Moulaert T (2022) Soci\u00e9t\u00e9 inclusive et vieillissement&nbsp;: discours, pratiques et controverses.&nbsp;<em>G\u00e9rontologie et soci\u00e9t\u00e9<\/em>&nbsp;44(16&nbsp;&nbsp;&nbsp;&nbsp;&nbsp;&nbsp;&nbsp;7).<\/p>\n\n\n\n<p>Nowik L, Thalineau A (dir.)&nbsp;(2014)&nbsp;<em>Vieillir chez soi. Les nouvelles formes du maintien \u00e0 domicile<\/em>.&nbsp;Rennes, Presses universitaires de Rennes, Le sens social.<\/p>\n\n\n\n<p>Pednekar P, Peterson A (2018) Mapping pharmacy deserts and determining accessibility to community pharmacy services for elderly enrolled in a state pharmaceutical assistance program.&nbsp;<em>PLoS ONE<\/em>&nbsp;13 (6).<\/p>\n\n\n\n<p>Rosa H (2012)&nbsp;<em>Acc\u00e9l\u00e9ration. Une critique sociale du temps<\/em>. Paris, La D\u00e9couverte.<\/p>\n\n\n\n<p>Scheider M, Moulaert T, Viriot-Durandal J-P (dir.) (2017) Vieillissement et territoires. D\u00e9fis d\u00e9mographiques, enjeux d\u00e9mocratiques (1).&nbsp;<em>Retraite et Soci\u00e9t\u00e9<\/em>&nbsp;(76).Viriot-Durandal J-P (dir.) (2012) Le pouvoir gris&nbsp;: Du lobbying au pouvoir sur soi.&nbsp;<em>G\u00e9rontologie et soci\u00e9t\u00e9<\/em>35(143).Viriot-Durandal J-P, Raymond E, Moulaert T, Charpentier M (dir.) (2015)&nbsp;<em>Droit de vieillir et citoyennet\u00e9 des a\u00een\u00e9s. Pour une perspective internationale<\/em>. Qu\u00e9bec, Presses de l\u2019universit\u00e9 du Qu\u00e9bec, coll. Probl\u00e8mes sociaux &amp; interventi.<\/p>\n\n\n\n<h2 class=\"wp-block-heading\">Conference Organization<\/h2>\n\n\n\n<p>Organized by University of Montr\u00e9al in partnership with Universit\u00e9 Laval, University of Sherbrooke, University of Moncton, the Centre coll\u00e9gial d&#8217;expertise en g\u00e9rontologie du C\u00e9gep de Drummondville and the International Chair Soci\u00e9t\u00e9 Inclusive et Avanc\u00e9e en Age (SIAGE) at University of Lorraine, the 7th International Conference, &#8220;Ageing Trajectories. Considering the Plurality of Contexts and Time&#8221; continues REIACTIS&#8217; ambition to promote research on aging and dialogue with society.<\/p>\n\n\n\n<p>The event will bring together various groups of researchers, scientific networks and learned societies from Qu\u00e9bec and abroad. Its Scientific Advisory Board is made up of over 80 members from universities and other research institutions in the Americas, Africa, Europe, and Asia.<\/p>\n\n\n\n<p>Based in Montr\u00e9al, the 7th edition of the REIACTIS International Conference offers a rare opportunity to compare points of view on international and interdisciplinary levels, in the spirit of openness between French- and English-speaking areas, while inviting other cultural areas, particularly Spanish-speaking ones, to join in this exchange.<\/p>\n\n\n\n<h3 class=\"wp-block-heading\">The REIACTIS 2024 International Conference is designed to bring together the domains of research, practice and public decision-making, and is open to civil society actors in the field of ageing.<\/h3>\n\n\n\n<p><\/p>\n\n\n\n<h2 class=\"wp-block-heading\">Organizing Committee<\/h2>\n\n\n\n<ul class=\"wp-block-list\">\n<li>S\u00e9bastien Lord, Universit\u00e9 de Montr\u00e9al<\/li>\n\n\n\n<li>Julie Castonguay, Centre coll\u00e9gial d\u2019expertise en g\u00e9rontologie du C\u00e9gep de Drummondville<\/li>\n\n\n\n<li>Radoslav Gruev, Universit\u00e9 de Lorraine<\/li>\n\n\n\n<li>M\u00e9lanie Levasseur, Universit\u00e9 de Sherbrooke<\/li>\n\n\n\n<li>Mathilde Loiselle, Universit\u00e9 de Montr\u00e9al<\/li>\n\n\n\n<li>Ruth Ndjaboue, Universit\u00e9 de Sherbrooke<\/li>\n\n\n\n<li>Paula Negron-Poblete, Universit\u00e9 de Montr\u00e9al<\/li>\n\n\n\n<li>Mario Paris, Universit\u00e9 de Moncton<\/li>\n\n\n\n<li>\u00c9milie Raymond, Universit\u00e9 Laval<\/li>\n\n\n\n<li>Samu\u00e8le R\u00e9millard-Boilard, Universit\u00e9 de Sherbrooke<\/li>\n\n\n\n<li>Edgar Schnepp, Universit\u00e9 de Montr\u00e9al<\/li>\n\n\n\n<li>Jean-Philippe Viriot-Durandal, Universit\u00e9 de Lorraine<\/li>\n<\/ul>\n\n\n\n<p><\/p>\n\n\n\n<h2 class=\"wp-block-heading\">Scientific Committee<\/h2>\n\n\n\n<ul class=\"wp-block-list\">\n<li>Argoud, Dominique, Ma\u00eetre de Conf\u00e9rences, Universit\u00e9 Paris-Est Cr\u00e9teil, LIRTES, France<\/li>\n\n\n\n<li>Balard, Fr\u00e9d\u00e9ric, Ma\u00eetre de Conf\u00e9rences, Universit\u00e9 de Lorraine, 2L2S, France<\/li>\n\n\n\n<li>Beaulieu, Marie, Professeure retrait\u00e9e et associ\u00e9e, Universit\u00e9 de Sherbrook, Centre int\u00e9gr\u00e9 universitaire de sant\u00e9 et de services sociaux de l&#8217;Estrie, Canada<\/li>\n\n\n\n<li>B\u00e9dard, Marie-\u00c8ve, PhD en g\u00e9rontologie, C\u00e9gep de Drummondville, Universit\u00e9 de Sherbrooke, Canada<\/li>\n\n\n\n<li>Behladj-Ziane, Kheira, Professeure des Universit\u00e9s, Universit\u00e9 de Lorraine, 2L2S, France<\/li>\n\n\n\n<li>B\u00e9land, Daniel, Professeur en science politique, Universit\u00e9 McGill, &nbsp;, Canada<\/li>\n\n\n\n<li>Berg, Nicolas, Docteur, CHU de Li\u00e8ge, &nbsp;, Belgique<\/li>\n\n\n\n<li>Berthod, Marc-Antoine, Professeur, Haute \u00e9cole de travail social et de la sant\u00e9 Lausanne (HETSL) Haute \u00e9cole sp\u00e9cialis\u00e9e de Suisse occidentale (HES-SO), &nbsp;, Suisse<\/li>\n\n\n\n<li>Bertillot, Hugo, Enseignant chercheur, Universit\u00e9 Catholique de Lille, HAD\u00e9PaS, ETHICS, France<\/li>\n\n\n\n<li>Bolzman, Claudio, Professeur honoraire, Haute \u00e9cole sp\u00e9cialis\u00e9e de Suisse occidentale, Suisse<\/li>\n\n\n\n<li>Bonnet, Magalie, Professeure de psychologie, Universit\u00e9 de Franche-Comt\u00e9, Besan\u00e7on, France<\/li>\n\n\n\n<li>Bosquet, Antoine, Docteur (MD), Assistance-Publique\u2013H\u00f4pitaux de Paris, H\u00f4pital Louis-Mourier, Universit\u00e9 Paris Cit\u00e9, France<\/li>\n\n\n\n<li>Bresson, Maryse, Professeure de sociologie, Universit\u00e9 Paris-Saclay -Versailles Saint Quentin en Yvelines, Laboratoire Printemps, France<\/li>\n\n\n\n<li>Caradec, Vincent, Professeur de sociologie, Universit\u00e9 de Lille, Centre de Recherches \u00ab Individus, \u00c9preuves, Soci\u00e9t\u00e9s, France<\/li>\n\n\n\n<li>Castelli Dransart, Dolores Angela, Professeure ordinaire, HES-SO Haute \u00e9cole de travail social Fribourg, Suisse<\/li>\n\n\n\n<li>Castonguay, Julie, Chercheur, C\u00e9gep de Drummondville, Centre coll\u00e9gial d\u2019expertise en g\u00e9rontologie, Canada<\/li>\n\n\n\n<li>Cavalli, Stefano, Professeur, Haute \u00e9cole sp\u00e9cialis\u00e9e de la Suisse italienne (SUPSI), Suisse<\/li>\n\n\n\n<li>Chopard-dit-Jean, Aur\u00e9lie, Psychologue, Docteure en psychologie de l&#8217;Universit\u00e9 de Lausanne, Universit\u00e9 de Lausanne (Suisse) et de l&#8217;Universit\u00e9 Bourgogne Franche-Comt\u00e9 (France), Laboratoire de psychologie de l&#8217;Universit\u00e9 de Franche-Comt\u00e9, France<\/li>\n\n\n\n<li>Desjeux, Cyril, Directeur scientifique, Hand\u00e9o, France<\/li>\n\n\n\n<li>Gramain, Agn\u00e8s, Professeur des Universit\u00e9s, Universit\u00e9 de Lorraine, Universit\u00e9 de Strasbourg, CNRS, France<\/li>\n\n\n\n<li>Gruev, Radoslav, Docteur en sociologie, Universit\u00e9 de Lorraine, REIACTIS, 2L2S, France<\/li>\n\n\n\n<li>Gucher, Catherine, Ma\u00eetresse de conf\u00e9rences, HDR., Universit\u00e9 Grenoble Alpes, Laboratoire PACTE, France<\/li>\n\n\n\n<li>Hamez, Gr\u00e9gory, Professeur de g\u00e9ographie, Universit\u00e9 de Lorraine, LOTERR, France<\/li>\n\n\n\n<li>Hintermeyer, Pascal, Professeur \u00e9m\u00e9rite, Universit\u00e9 de Strasbourg, France<\/li>\n\n\n\n<li>Jory, Herv\u00e9, Ma\u00eetre de conf\u00e9rences en sociologie, Universit\u00e9 de Lorraine, 2L2S, France<\/li>\n\n\n\n<li>Kern, Dominique, Professeur des Universit\u00e9s, Universit\u00e9 de Haute Alsace, Laboratoire Interuniversitaire des Sciences de l&#8217;\u00c9ducation et de la Communication, France<\/li>\n\n\n\n<li>Kornfeld, Rosita, Retrait\u00e9e et consultante, Universit\u00e9 Catholique du Chili, Universit\u00e9 Catholique du Chili, &nbsp;, Chili<\/li>\n\n\n\n<li>Kushtanina, Veronika, Ma\u00eetre de conf\u00e9rences, Universit\u00e9 de Franche-Comt\u00e9, LASA, France<\/li>\n\n\n\n<li>Labit, Anne, Ma\u00eetre de conf\u00e9rence en sociologie, IUT de l&#8217;Indre\/Universit\u00e9 d&#8217;Orl\u00e9ans UMR CITERES\/Universit\u00e9 de Tours, France<\/li>\n\n\n\n<li>Labidi, Lassaad, Professeur de l&#8217;enseignement sup\u00e9rieur, Universit\u00e9 de Carthage, Institut National du Travail et des \u00c9tudes Sociales, Tunisie<\/li>\n\n\n\n<li>Le Borgne Uguen, Fran\u00e7oise, Professeure de sociologie, Universit\u00e9 de Brest, Labers, France<\/li>\n\n\n\n<li>Leleu, Myriam, Ma\u00eetre-assistante, Enseignante-chercheure, Haute \u00c9cole Louvain en Hainaut, Belgique<\/li>\n\n\n\n<li>Levilain, Herv\u00e9, Professeur de sociologie, Universit\u00e9 de Lorraine, 2L2S, France<\/li>\n\n\n\n<li>Lord, S\u00e9bastien, Professeur d\u2019am\u00e9nagement, Directeur de l\u2019Observatoire Ivanho\u00e9 Cambridge, Pr\u00e9sident du REIACTIS, Universit\u00e9 de Montr\u00e9al<\/li>\n\n\n\n<li>Lucas, Barbara, Professeure ordinaire, HES Haute \u00e9cole de travail social, HES-SO Gen\u00e8ve, Suisse<\/li>\n\n\n\n<li>Macia, Enguerran, Directeur de Recherche, CNRS, ADES, France<\/li>\n\n\n\n<li>Marchal, Herv\u00e9, Professeur de sociologie, Universit\u00e9 de Bourgogne, Laboratoire interdisciplinaire de recherche Soci\u00e9t\u00e9s, sensibilit\u00e9s et soins, France<\/li>\n\n\n\n<li>Marcilhac, Anne, Maitre de conf\u00e9rences HDR, Directrice de l&#8217;ITEV, \u00c9cole Pratique des Hautes \u00c9tudes, France<\/li>\n\n\n\n<li>Mascova, Elena, Sociologue, responsable de projets, Initiatives et Recherches sur le Travail d&#8217;Emancipation (IRTEM), France<\/li>\n\n\n\n<li>Meidani, Anastasia, Ma\u00eetre de conf\u00e9rences HDR, Universit\u00e9 Toulouse-Jean Jaur\u00e8s, GESTES, France, Gr\u00e8ce<\/li>\n\n\n\n<li>Morales, Yves, Maitre de conf\u00e9rences HDR, Universit\u00e9 de Toulouse, CRESCO , France<\/li>\n\n\n\n<li>Moulin, Pierre, Ma\u00eetre de conf\u00e9rences en psychologie sociale, Universit\u00e9 de Lorraine, CREN, Centre de recherche sur les m\u00e9diations, France<\/li>\n\n\n\n<li>Negron, Paula, Professeure agr\u00e9g\u00e9e, Universit\u00e9 de Montr\u00e9al, Canada<\/li>\n\n\n\n<li>Ngatcha Ribert, La\u00ebtitia, Chercheure associ\u00e9e, Universit\u00e9 le Have Normandie, IDEES, France<\/li>\n\n\n\n<li>Ogg, Jim, Chercheur associ\u00e9 \u00e0 l&#8217;unit\u00e9 de recherche sur le vieillissement, CNAV, Grand Bretagne<\/li>\n\n\n\n<li>Oris, Michel, Professeur, Conseil Sup\u00e9rieur Espagnol de la Recherche Scientifique, Universit\u00e9 de Gen\u00e8ve, Laboratoire de d\u00e9mographie et d&#8217;\u00e9tudes familiales, Belgique<\/li>\n\n\n\n<li>Paris, Mario, Professeur, travail social, Universit\u00e9 de Moncton, Canada<\/li>\n\n\n\n<li>Perez Salanova, Merc\u00e8, Docteure en psychologie, Universitat Aut\u00f2noma de Barcelona, Espagne<\/li>\n\n\n\n<li>Perret-Guillaume, Christine, Professeur des universit\u00e9s-praticien hospitalie (g\u00e9riatrie), CHRU Nancy, France<\/li>\n\n\n\n<li>Perrin, Claire, Professeure des universit\u00e9s, Universit\u00e9 Claude Bernard Lyon 1, Laboratoire sur les Vuln\u00e9rabilit\u00e9s et l&#8217;Innovation dans le Sport, France<\/li>\n\n\n\n<li>Pihet, Christian, Professeur \u00e9m\u00e9rite de G\u00e9ographie, Universit\u00e9 d&#8217;Angers, Laboratoire de g\u00e9ographie humaine, France<\/li>\n\n\n\n<li>Polesi, Herv\u00e9, Ma\u00eetre de conf\u00e9rences associ\u00e9, Universit\u00e9 de Strasbourg, France<\/li>\n\n\n\n<li>Pott, Murielle, Professeure HES ordinaire, Haute Ecole de Sant\u00e9 Vaud (HESAV), HES-SO, Lausanne, Suisse<\/li>\n\n\n\n<li>Pouchadon, Marie-Laure, Ma\u00eetre de conf\u00e9rences en sociologie, Universit\u00e9 Bordeaux-Montaigne, IUT Bordeaux-Montaigne, Laboratoire Passages, France<\/li>\n\n\n\n<li>Prieto Lobato, Juan Maria, Professeur, Universit\u00e9 de Valladolid, Espagne<\/li>\n\n\n\n<li>R\u00e9millard-Boilard, Samu\u00e8le, Professeure adjointe, Universit\u00e9 de Sherbrooke, Canada<\/li>\n\n\n\n<li>Rochot, Justine, Docteure en sociologie, Centre d&#8217;\u00c9tude sur la Chine Moderne et Contemporaine (Hong Kong), France<\/li>\n\n\n\n<li>Rodr\u00edguez Sumaza, Carmen, Senior Lecturer, Universit\u00e9 de Valladolid, Espagne<\/li>\n\n\n\n<li>Rouamba, George, Enseignant-chercheur, Universit\u00e9 Joseph Ki Zerbo, Les Afriques dans le monde, Burkina Faso<\/li>\n\n\n\n<li>Roulet Schwab, Delphine, Professeure ordinaire, Haute \u00c9cole de la Sant\u00e9 La Source, Haute \u00c9cole Sp\u00e9cialis\u00e9e de Suisse occidentale, Suisse<\/li>\n\n\n\n<li>Sajoux, Muriel, Ma\u00eetre de Conf\u00e9rences en Sciences \u00c9conomiques, Universit\u00e9 de Tours, CITERES (CIt\u00e9s TERritoires Environnement et Soci\u00e9t\u00e9s), France<\/li>\n\n\n\n<li>Scheider-Yilmaz, Marion, Docteure en sociologie, Universit\u00e9 Grenoble-Alpes, Laboratoire PACTE, France<\/li>\n\n\n\n<li>Serfaty-Garzon, Perla, Ma\u00eetre de Conf\u00e9rences, Universit\u00e9 de Strasbourg, Facult\u00e9 de psychologie, France<\/li>\n\n\n\n<li>Simzac, Anne-B\u00e9r\u00e9nice, Docteure en sociologie, Responsable p\u00f4le recherche Generacio, France<\/li>\n\n\n\n<li>Spini, Dario, Professeur ordinaire, Universit\u00e9 de Lausanne, Institut de psychologie, Centre LIVES, Suisse<\/li>\n\n\n\n<li>Trouv\u00e9, H\u00e9l\u00e8ne, Docteure en \u00e9conomie, Cheffe de projet, URV, Direction statistiques, prospective et recherche, CNAV, France<\/li>\n\n\n\n<li>Van de Velde, C\u00e9cile, Professeure de sociologie, Universit\u00e9 de Montr\u00e9al, Chaire de recherche du Canada sur les in\u00e9galit\u00e9s sociales et les parcours de vie, Canada<\/li>\n\n\n\n<li>Vanneste, Damien, Enseignant-chercheur en sociologie, Universit\u00e9 catholique de Lille, HAD\u00e9PaS\/ETHICS, France Viriot Durandal, Jean-Philippe, Professeur en sociologie, Titulaire de la Chaire internationale SIAGE, Universit\u00e9 de Lorraine, 2L2S-Metz, France<\/li>\n<\/ul>\n\n\n\n<p><\/p>\n\n\n\n<h2 class=\"wp-block-heading\"><a href=\"https:\/\/maps.app.goo.gl\/rBnwbANYY4hEAvZC8\">Location<\/a><\/h2>\n\n\n\n<p>Pavillon Jean Brillant &#8211; Universit\u00e9 de Montr\u00e9al<\/p>\n\n\n\n<p>3200 Rue Jean-Brillant<\/p>\n\n\n\n<p>Montr\u00e9al, QC H3T 1N8<\/p>\n\n\n\n<hr class=\"wp-block-separator has-alpha-channel-opacity\"\/>\n\n\n\n<p>For further information, please contact us: <a href=\"mailto:montreal2024@reiactis.net\">montreal2024@reiactis.net<\/a><\/p>\n","protected":false},"excerpt":{"rendered":"<p>Aging in Plural Ways Living and ageing in 2023 means living and ageing in a complex, interconnected world in which the place of the elderly is a societal, geographic and individual challenge. The COVID-19 pandemic illustrated the extent to which, despite the logic of globalized and multiscalar interconnection, the contemporary world remains marked by numerous<a class=\"excerpt-read-more\" href=\"https:\/\/montreal2024.reiactis.net\/en\/call-for-papers\/\" title=\"Read7th REIACTIS Montreal Conference\">&#8230; Read more &raquo;<\/a><\/p>\n","protected":false},"author":1,"featured_media":0,"parent":0,"menu_order":4,"comment_status":"closed","ping_status":"closed","template":"template-appel-a-communications.php","meta":{"_acf_changed":false,"footnotes":""},"class_list":["post-120","page","type-page","status-publish","hentry"],"acf":[],"jetpack_sharing_enabled":true,"_links":{"self":[{"href":"https:\/\/montreal2024.reiactis.net\/en\/wp-json\/wp\/v2\/pages\/120","targetHints":{"allow":["GET"]}}],"collection":[{"href":"https:\/\/montreal2024.reiactis.net\/en\/wp-json\/wp\/v2\/pages"}],"about":[{"href":"https:\/\/montreal2024.reiactis.net\/en\/wp-json\/wp\/v2\/types\/page"}],"author":[{"embeddable":true,"href":"https:\/\/montreal2024.reiactis.net\/en\/wp-json\/wp\/v2\/users\/1"}],"replies":[{"embeddable":true,"href":"https:\/\/montreal2024.reiactis.net\/en\/wp-json\/wp\/v2\/comments?post=120"}],"version-history":[{"count":14,"href":"https:\/\/montreal2024.reiactis.net\/en\/wp-json\/wp\/v2\/pages\/120\/revisions"}],"predecessor-version":[{"id":2683,"href":"https:\/\/montreal2024.reiactis.net\/en\/wp-json\/wp\/v2\/pages\/120\/revisions\/2683"}],"wp:attachment":[{"href":"https:\/\/montreal2024.reiactis.net\/en\/wp-json\/wp\/v2\/media?parent=120"}],"curies":[{"name":"wp","href":"https:\/\/api.w.org\/{rel}","templated":true}]}}